{"id":1334,"date":"2023-04-08T05:53:31","date_gmt":"2023-04-08T05:53:31","guid":{"rendered":"https:\/\/drraulcalderon.com\/?page_id=1334"},"modified":"2023-04-29T00:20:42","modified_gmt":"2023-04-29T00:20:42","slug":"paralisiscerebral","status":"publish","type":"page","link":"https:\/\/drraulcalderon.com\/index.php\/paralisiscerebral\/","title":{"rendered":"Paralisis Cerebral"},"content":{"rendered":"\t\t<div data-elementor-type=\"wp-page\" data-elementor-id=\"1334\" class=\"elementor elementor-1334\" data-elementor-post-type=\"page\">\n\t\t\t\t\t\t<section class=\"elementor-section elementor-top-section elementor-element elementor-element-8dd1732 elementor-reverse-mobile elementor-section-boxed elementor-section-height-default elementor-section-height-default\" data-id=\"8dd1732\" data-element_type=\"section\" data-e-type=\"section\" data-settings=\"{&quot;background_background&quot;:&quot;classic&quot;}\">\n\t\t\t\t\t\t<div class=\"elementor-container elementor-column-gap-no\">\n\t\t\t\t\t<div class=\"elementor-column elementor-col-50 elementor-top-column elementor-element elementor-element-003e555\" data-id=\"003e555\" data-element_type=\"column\" data-e-type=\"column\">\n\t\t\t<div class=\"elementor-widget-wrap elementor-element-populated\">\n\t\t\t\t\t\t<div class=\"elementor-element elementor-element-73a447c elementor-widget elementor-widget-heading\" data-id=\"73a447c\" data-element_type=\"widget\" data-e-type=\"widget\" data-widget_type=\"heading.default\">\n\t\t\t\t<div class=\"elementor-widget-container\">\n\t\t\t\t\t<h2 class=\"elementor-heading-title elementor-size-default\">Par\u00e1lisis Cerebral<\/h2>\t\t\t\t<\/div>\n\t\t\t\t<\/div>\n\t\t\t\t<div class=\"elementor-element elementor-element-b7e4ab2 elementor-widget elementor-widget-text-editor\" data-id=\"b7e4ab2\" data-element_type=\"widget\" data-e-type=\"widget\" data-widget_type=\"text-editor.default\">\n\t\t\t\t<div class=\"elementor-widget-container\">\n\t\t\t\t\t\t\t\t\t<p>\u201cPar\u00e1lisis cerebral infantil\u201d (PCI) es el termino empleado para definir un grupo de s\u00edndromes no progresivos que cursan con deterioro de la postura y el movimiento, ocasionados por una alteraci\u00f3n en el desarrollo del sistema nervioso central que puede ocurrir intrautero, durante el parto o en los dos primeros a\u00f1os de vida.<\/p><p>La PCI representa la causa mas com\u00fan de discapacidad f\u00edsica en la infancia. No se conoce con exactitud su incidencia y prevalencia a nivel mundial. En general, existen datos de que la prevalencia en ni\u00f1os de 3 a 10 a\u00f1os es de 2,4 por cada 1.000 ni\u00f1os, con variaciones en funci\u00f3n del sexo. La par\u00e1lisis cerebral afecta de forma grave a la funci\u00f3n y la calidad de vida de los pacientes y sus cuidadores.<\/p><p>\u00a0<\/p>\t\t\t\t\t\t\t\t<\/div>\n\t\t\t\t<\/div>\n\t\t\t\t\t<\/div>\n\t\t<\/div>\n\t\t\t\t<div class=\"elementor-column elementor-col-50 elementor-top-column elementor-element elementor-element-2c11e68\" data-id=\"2c11e68\" data-element_type=\"column\" data-e-type=\"column\">\n\t\t\t<div class=\"elementor-widget-wrap elementor-element-populated\">\n\t\t\t\t\t\t<div class=\"elementor-element elementor-element-f9a1d3a elementor-widget elementor-widget-image\" data-id=\"f9a1d3a\" data-element_type=\"widget\" data-e-type=\"widget\" data-widget_type=\"image.default\">\n\t\t\t\t<div class=\"elementor-widget-container\">\n\t\t\t\t\t\t\t\t\t\t\t\t\t\t\t<img fetchpriority=\"high\" decoding=\"async\" width=\"624\" height=\"960\" src=\"https:\/\/drraulcalderon.com\/wp-content\/uploads\/2023\/04\/Diseno-sin-titulo-4.png\" class=\"attachment-full size-full wp-image-1355\" alt=\"\" srcset=\"https:\/\/drraulcalderon.com\/wp-content\/uploads\/2023\/04\/Diseno-sin-titulo-4.png 624w, https:\/\/drraulcalderon.com\/wp-content\/uploads\/2023\/04\/Diseno-sin-titulo-4-195x300.png 195w\" sizes=\"(max-width: 624px) 100vw, 624px\" \/>\t\t\t\t\t\t\t\t\t\t\t\t\t\t\t<\/div>\n\t\t\t\t<\/div>\n\t\t\t\t\t<\/div>\n\t\t<\/div>\n\t\t\t\t\t<\/div>\n\t\t<\/section>\n\t\t\t\t<section class=\"elementor-section elementor-top-section elementor-element elementor-element-33f3653 elementor-section-boxed elementor-section-height-default elementor-section-height-default\" data-id=\"33f3653\" data-element_type=\"section\" data-e-type=\"section\" data-settings=\"{&quot;background_background&quot;:&quot;classic&quot;}\">\n\t\t\t\t\t\t<div class=\"elementor-container elementor-column-gap-no\">\n\t\t\t\t\t<div class=\"elementor-column elementor-col-50 elementor-top-column elementor-element elementor-element-7b31927\" data-id=\"7b31927\" data-element_type=\"column\" data-e-type=\"column\">\n\t\t\t<div class=\"elementor-widget-wrap elementor-element-populated\">\n\t\t\t\t\t\t<div class=\"elementor-element elementor-element-57916cf elementor-widget elementor-widget-image\" data-id=\"57916cf\" data-element_type=\"widget\" data-e-type=\"widget\" data-widget_type=\"image.default\">\n\t\t\t\t<div class=\"elementor-widget-container\">\n\t\t\t\t\t\t\t\t\t\t\t\t\t\t\t<img decoding=\"async\" width=\"552\" height=\"552\" src=\"https:\/\/drraulcalderon.com\/wp-content\/uploads\/2023\/04\/Diseno-sin-titulo-3.png\" class=\"attachment-full size-full wp-image-1356\" alt=\"\" srcset=\"https:\/\/drraulcalderon.com\/wp-content\/uploads\/2023\/04\/Diseno-sin-titulo-3.png 552w, https:\/\/drraulcalderon.com\/wp-content\/uploads\/2023\/04\/Diseno-sin-titulo-3-300x300.png 300w, https:\/\/drraulcalderon.com\/wp-content\/uploads\/2023\/04\/Diseno-sin-titulo-3-150x150.png 150w\" sizes=\"(max-width: 552px) 100vw, 552px\" \/>\t\t\t\t\t\t\t\t\t\t\t\t\t\t\t<\/div>\n\t\t\t\t<\/div>\n\t\t\t\t\t<\/div>\n\t\t<\/div>\n\t\t\t\t<div class=\"elementor-column elementor-col-50 elementor-top-column elementor-element elementor-element-d1c1b6e\" data-id=\"d1c1b6e\" data-element_type=\"column\" data-e-type=\"column\">\n\t\t\t<div class=\"elementor-widget-wrap elementor-element-populated\">\n\t\t\t\t\t\t<div class=\"elementor-element elementor-element-0341be2 elementor-widget elementor-widget-text-editor\" data-id=\"0341be2\" data-element_type=\"widget\" data-e-type=\"widget\" data-widget_type=\"text-editor.default\">\n\t\t\t\t<div class=\"elementor-widget-container\">\n\t\t\t\t\t\t\t\t\t<p>En 1975, Hagberg la clasifico en esp\u00e1stica, discinetica, ataxica y mixta, y se propuso a la Academia Americana de par\u00e1lisis cerebral. La par\u00e1lisis cerebral esp\u00e1stica es la variedad mas com\u00fan, presente en el 7-15%, y la ataxica, en el 5%. La espasticidad se define como un trastorno en el tono muscular, caracterizado por un aumento en los reflejos de estiramiento t\u00f3nico dependientes de la velocidad; generalmente se relaciona con un incremento en la resistencia al estiramiento pasivo ( hiperton\u00eda).<\/p><p><br \/>Seg\u00fan la afectaci\u00f3n topogr\u00e1fica, puede clasificarse en hemiparesia, paraparesia, diparesia y cuadriparesia.<\/p>\t\t\t\t\t\t\t\t<\/div>\n\t\t\t\t<\/div>\n\t\t\t\t<div class=\"elementor-element elementor-element-0cba5fa elementor-widget elementor-widget-button\" data-id=\"0cba5fa\" data-element_type=\"widget\" data-e-type=\"widget\" data-widget_type=\"button.default\">\n\t\t\t\t<div class=\"elementor-widget-container\">\n\t\t\t\t\t\t\t\t\t<div class=\"elementor-button-wrapper\">\n\t\t\t\t\t<a class=\"elementor-button elementor-button-link elementor-size-sm\" href=\"#elementor-action%3Aaction%3Dpopup%3Aopen%26settings%3DeyJpZCI6IjEzNDYiLCJ0b2dnbGUiOmZhbHNlfQ%3D%3D\">\n\t\t\t\t\t\t<span class=\"elementor-button-content-wrapper\">\n\t\t\t\t\t\t\t\t\t<span class=\"elementor-button-text\">Toxina botul\u00ednica para paralisis Cerebral<\/span>\n\t\t\t\t\t<\/span>\n\t\t\t\t\t<\/a>\n\t\t\t\t<\/div>\n\t\t\t\t\t\t\t\t<\/div>\n\t\t\t\t<\/div>\n\t\t\t\t\t<\/div>\n\t\t<\/div>\n\t\t\t\t\t<\/div>\n\t\t<\/section>\n\t\t\t\t<section class=\"elementor-section elementor-top-section elementor-element elementor-element-5085460 elementor-section-boxed elementor-section-height-default elementor-section-height-default\" data-id=\"5085460\" data-element_type=\"section\" data-e-type=\"section\">\n\t\t\t\t\t\t<div class=\"elementor-container elementor-column-gap-no\">\n\t\t\t\t\t<div class=\"elementor-column elementor-col-100 elementor-top-column elementor-element elementor-element-434501c\" data-id=\"434501c\" data-element_type=\"column\" data-e-type=\"column\">\n\t\t\t<div class=\"elementor-widget-wrap elementor-element-populated\">\n\t\t\t\t\t\t<div class=\"elementor-element elementor-element-11fd040 elementor-widget elementor-widget-heading\" data-id=\"11fd040\" data-element_type=\"widget\" data-e-type=\"widget\" data-widget_type=\"heading.default\">\n\t\t\t\t<div class=\"elementor-widget-container\">\n\t\t\t\t\t<h6 class=\"elementor-heading-title elementor-size-default\">Porcentaje de capacidad funcional<\/h6>\t\t\t\t<\/div>\n\t\t\t\t<\/div>\n\t\t\t\t<div class=\"elementor-element elementor-element-8a0ad62 elementor-widget elementor-widget-text-editor\" data-id=\"8a0ad62\" data-element_type=\"widget\" data-e-type=\"widget\" data-widget_type=\"text-editor.default\">\n\t\t\t\t<div class=\"elementor-widget-container\">\n\t\t\t\t\t\t\t\t\t<p>Seg\u00fan el porcentaje de capacidad funcional, se clasifica en :<br \/>&#8211;<strong>Leve<\/strong>\u00a0<strong>( 30%):<\/strong>\u00a0con caracter\u00edsticas como lograr caminar solo, independencia en las actividades de la vida diaria ( AVDH), lenguaje normal, cociente intelectual (CI) normal y d\u00e9ficit cognitivo leve. Se integra en la vida normal sin mayores tratamientos<br \/>&#8211;<strong>Moderada ( 30-50%):<\/strong>\u00a0necesita ciertas ayudas t\u00e9cnicas para lograr la independencia en marcha y AVDH. Hay ciertos problemas de comunicaci\u00f3n y un CI de normal a d\u00e9ficit cognitivo leve o moderado. Requiere diferentes tratamientos para integrarse en la vida normal.<br \/>&#8211;<strong>Severa ( 50-70%):<\/strong>\u00a0sus impedimentos motores, mentales y\/o sensoriales le impiden alcanzar una independencia total en el auto cuidado. Incluso con tratamientos diversos y mantenidos, su integraci\u00f3n social solo es parcial.<br \/>&#8211;<strong>Grave(70-100%):<\/strong>\u00a0la afectaci\u00f3n es m\u00e1xima en todas las \u00e1reas del desarrollo, con escasa conexi\u00f3n ambiental y graves problemas asociados. No hay ninguna posibilidad de integraci\u00f3n social.<\/p>\t\t\t\t\t\t\t\t<\/div>\n\t\t\t\t<\/div>\n\t\t\t\t\t<\/div>\n\t\t<\/div>\n\t\t\t\t\t<\/div>\n\t\t<\/section>\n\t\t\t\t<section class=\"elementor-section elementor-top-section elementor-element elementor-element-85d7386 elementor-section-full_width elementor-section-height-default elementor-section-height-default\" data-id=\"85d7386\" data-element_type=\"section\" data-e-type=\"section\">\n\t\t\t\t\t\t<div class=\"elementor-container elementor-column-gap-no\">\n\t\t\t\t\t<div class=\"elementor-column elementor-col-100 elementor-top-column elementor-element elementor-element-c3d32bd\" data-id=\"c3d32bd\" data-element_type=\"column\" data-e-type=\"column\">\n\t\t\t<div class=\"elementor-widget-wrap elementor-element-populated\">\n\t\t\t\t\t\t<div class=\"elementor-element elementor-element-67bc7a4 elementor-widget elementor-widget-video\" data-id=\"67bc7a4\" data-element_type=\"widget\" data-e-type=\"widget\" data-settings=\"{&quot;youtube_url&quot;:&quot;https:\\\/\\\/www.youtube.com\\\/watch?v=uBFe3QMGBHE&amp;t=2s&amp;ab_channel=Dr.Ra%C3%BAlCalder%C3%B3n&quot;,&quot;video_type&quot;:&quot;youtube&quot;,&quot;controls&quot;:&quot;yes&quot;}\" data-widget_type=\"video.default\">\n\t\t\t\t<div class=\"elementor-widget-container\">\n\t\t\t\t\t\t\t<div class=\"elementor-wrapper elementor-open-inline\">\n\t\t\t<div class=\"elementor-video\"><\/div>\t\t<\/div>\n\t\t\t\t\t\t<\/div>\n\t\t\t\t<\/div>\n\t\t\t\t\t<\/div>\n\t\t<\/div>\n\t\t\t\t\t<\/div>\n\t\t<\/section>\n\t\t\t\t<section class=\"elementor-section elementor-top-section elementor-element elementor-element-5626fef elementor-section-boxed elementor-section-height-default elementor-section-height-default\" data-id=\"5626fef\" data-element_type=\"section\" data-e-type=\"section\">\n\t\t\t\t\t\t<div class=\"elementor-container elementor-column-gap-default\">\n\t\t\t\t\t<div class=\"elementor-column elementor-col-100 elementor-top-column elementor-element elementor-element-514948d\" data-id=\"514948d\" data-element_type=\"column\" data-e-type=\"column\">\n\t\t\t<div class=\"elementor-widget-wrap elementor-element-populated\">\n\t\t\t\t\t\t<div class=\"elementor-element elementor-element-6dc744d elementor-widget elementor-widget-heading\" data-id=\"6dc744d\" data-element_type=\"widget\" data-e-type=\"widget\" data-widget_type=\"heading.default\">\n\t\t\t\t<div class=\"elementor-widget-container\">\n\t\t\t\t\t<h5 class=\"elementor-heading-title elementor-size-default\">Generalidades y datos a conocer en la Par\u00e1lisis Cerebral Infantil<\/h5>\t\t\t\t<\/div>\n\t\t\t\t<\/div>\n\t\t\t\t<div class=\"elementor-element elementor-element-487bd9b elementor-hidden-desktop elementor-widget elementor-widget-accordion\" data-id=\"487bd9b\" data-element_type=\"widget\" data-e-type=\"widget\" data-widget_type=\"accordion.default\">\n\t\t\t\t<div class=\"elementor-widget-container\">\n\t\t\t\t\t\t\t<div class=\"elementor-accordion\">\n\t\t\t\t\t\t\t<div class=\"elementor-accordion-item\">\n\t\t\t\t\t<div id=\"elementor-tab-title-7601\" class=\"elementor-tab-title\" data-tab=\"1\" role=\"button\" aria-controls=\"elementor-tab-content-7601\" aria-expanded=\"false\">\n\t\t\t\t\t\t\t\t\t\t\t\t\t<span class=\"elementor-accordion-icon elementor-accordion-icon-left\" aria-hidden=\"true\">\n\t\t\t\t\t\t\t\t\t\t\t\t\t\t\t<span class=\"elementor-accordion-icon-closed\"><i class=\"fas fa-plus\"><\/i><\/span>\n\t\t\t\t\t\t\t\t<span class=\"elementor-accordion-icon-opened\"><i class=\"fas fa-minus\"><\/i><\/span>\n\t\t\t\t\t\t\t\t\t\t\t\t\t\t<\/span>\n\t\t\t\t\t\t\t\t\t\t\t\t<a class=\"elementor-accordion-title\" tabindex=\"0\">Escala GMFCS<\/a>\n\t\t\t\t\t<\/div>\n\t\t\t\t\t<div id=\"elementor-tab-content-7601\" class=\"elementor-tab-content elementor-clearfix\" data-tab=\"1\" role=\"region\" aria-labelledby=\"elementor-tab-title-7601\"><p>\u200b<strong>Utilizando la Escala de Funci\u00f3n Motora\u00a0\u00a0(GMFCS) para identificar &#8220;las caderas en riesgo&#8221;<\/strong><\/p><p>Los estudios han demostrado que los ni\u00f1os que son capaces\u00a0\u00a0de caminar en forma independiente y correr, tienen\u00a0\u00a0un menor riesgo\u00a0\u00a0\u00a0desplazamiento de la cadera ( subluxaci\u00f3n de cadera) en comparaci\u00f3n a los ni\u00f1os con espasticidad m\u00e1s grave que no puede caminar.<\/p><p>Un ni\u00f1o con GMFCS nivel V tiene un riesgo de 90% de un problema en la cadera, mientras que el ni\u00f1o con nivel GMFCS I tiene casi ning\u00fan riesgo de un problema de cadera.<\/p><p>La combinaci\u00f3n de una escasa movilidad y la espasticidad severa bilateral (ambos miembros inferiores) parecen ser los responsables de la alta incidencia de problemas de cadera en ni\u00f1os de nivel V GMFCS<\/p><p>Los ni\u00f1os con GMFCS nivel II y III parecen desarrollar desplazamiento de cadera relacionadas con la espasticidad y la rigidez de los m\u00fasculos aductores. Los ni\u00f1os con GMFCS nivel IV a V generalmente tienen problemas con la forma de los huesos de la articulaci\u00f3n de la cadera.<\/p><p>El GMFCS por lo tanto proporciona una indicaci\u00f3n muy importante de las posibilidades de desplazamiento de la cadera en ni\u00f1os con par\u00e1lisis cerebral y es una herramienta importante que se utiliza en la decisi\u00f3n de las opciones de tratamiento apropiados.<\/p><p><em>(Soo B,Howard J, Boyd R, Reid S,Lanigan A, Wolfe R, Reddihough D, Graham K. Hip displacement in cerebral palsy. J Bone Joint Surg. 2006; 88 (A): 121-129.<\/em><\/p><p>Estos problemas de movimiento se deben a problemas en la funci\u00f3n cerebral que se producen temprano en el desarrollo. La par\u00e1lisis cerebral afecta el movimiento, la fuerza muscular, el equilibrio y la coordinaci\u00f3n. Estos problemas se observan por primera vez en la infancia y contin\u00faa en la vida adulta. Los m\u00fasculos del habla, degluci\u00f3n y la respiraci\u00f3n pueden estar involucrados. Discapacidad intelectual (mental retraso) y las convulsiones tambi\u00e9n pueden ocurrir, pero estos problemas no siempre est\u00e1n presentes.<\/p><\/div>\n\t\t\t\t<\/div>\n\t\t\t\t\t\t\t<div class=\"elementor-accordion-item\">\n\t\t\t\t\t<div id=\"elementor-tab-title-7602\" class=\"elementor-tab-title\" data-tab=\"2\" role=\"button\" aria-controls=\"elementor-tab-content-7602\" aria-expanded=\"false\">\n\t\t\t\t\t\t\t\t\t\t\t\t\t<span class=\"elementor-accordion-icon elementor-accordion-icon-left\" aria-hidden=\"true\">\n\t\t\t\t\t\t\t\t\t\t\t\t\t\t\t<span class=\"elementor-accordion-icon-closed\"><i class=\"fas fa-plus\"><\/i><\/span>\n\t\t\t\t\t\t\t\t<span class=\"elementor-accordion-icon-opened\"><i class=\"fas fa-minus\"><\/i><\/span>\n\t\t\t\t\t\t\t\t\t\t\t\t\t\t<\/span>\n\t\t\t\t\t\t\t\t\t\t\t\t<a class=\"elementor-accordion-title\" tabindex=\"0\">Clasificaci\u00f3n<\/a>\n\t\t\t\t\t<\/div>\n\t\t\t\t\t<div id=\"elementor-tab-content-7602\" class=\"elementor-tab-content elementor-clearfix\" data-tab=\"2\" role=\"region\" aria-labelledby=\"elementor-tab-title-7602\"><div class=\"paragraph\">Muchas clasificaciones de la PC se han propuesto. Algunas se basan en etiologia, otras en neuropatolog\u00eda, otras en presentaci\u00f3n cl\u00ednica, etc. Ning\u00fan sistema de clasificaci\u00f3n ha sido universalmente aceptado, ya que ninguno ha sido suficientemente integral para incluir todas las diferencias entre los subtipos de PC sin convertirse en una clasificaci\u00f3n complicada e ineficiente. La clasificaci\u00f3n mas usada es la que divide la PC de acuerdo con el numero de extremidades afectadas y el tipo de anormalidad del tono muscular o movimiento ( tabla 1)<\/div><div>\u00a0<\/div><div><div class=\"wsite-image wsite-image-border-none\"><p><a><img decoding=\"async\" src=\"https:\/\/drraulcalderon.weebly.com\/uploads\/6\/3\/9\/4\/63944865\/8764.jpg?1450385745\" alt=\"Imagen\" \/><\/a><\/p><div>\u00a0<\/div><div>TABLA 1. CLASIFICACION DE LAS PARALISIS CEREBRAL<\/div><\/div><\/div><div class=\"paragraph\"><p>\u200b\u00a0Esp\u00e1stica- Los m\u00fasculos del cuerpo son r\u00edgidos\u00a0\u00a0y no permiten el movimiento normal.<br \/>\u2022 Discin\u00e9ticos (atetoide)- Los m\u00fasculos se endurecen cuando se activan para producir posturas anormales de los brazos o las piernas, tambi\u00e9n puede haber movimientos, como si se estuviera retorciendo.<br \/>\u2022 At\u00e1xica-equilibrio y la coordinaci\u00f3n son pobres<\/p><p>El tipo de PC puede en muchos casos relacionarse a una etiolog\u00eda especifica. Por ejemplo la diparesia esp\u00e1stica es mas com\u00fan en ni\u00f1os prematuros por desarrollar una lesi\u00f3n cerebral en la regi\u00f3n germinal periventricular afectando fibras del tracto piramidal que inervan principalmente las extremidades inferiores. La quadriparesia coreoatetoide se asocia con kernicterus en el periodo neonatal debido a la lesi\u00f3n en los ganglios basales por los dep\u00f3sitos de bilirrubina. La hemiparesia esp\u00e1stica puede ser causada por una lesi\u00f3n vascular en la regi\u00f3n fronto-parietal del hemisferio contralateral. La quadriparesia esp\u00e1stica esp\u00e1stica es mas com\u00fan despu\u00e9s de una lesi\u00f3n hip\u00f3xico-isqu\u00e9mica cerebral difusa.<\/p><\/div><\/div>\n\t\t\t\t<\/div>\n\t\t\t\t\t\t\t<div class=\"elementor-accordion-item\">\n\t\t\t\t\t<div id=\"elementor-tab-title-7603\" class=\"elementor-tab-title\" data-tab=\"3\" role=\"button\" aria-controls=\"elementor-tab-content-7603\" aria-expanded=\"false\">\n\t\t\t\t\t\t\t\t\t\t\t\t\t<span class=\"elementor-accordion-icon elementor-accordion-icon-left\" aria-hidden=\"true\">\n\t\t\t\t\t\t\t\t\t\t\t\t\t\t\t<span class=\"elementor-accordion-icon-closed\"><i class=\"fas fa-plus\"><\/i><\/span>\n\t\t\t\t\t\t\t\t<span class=\"elementor-accordion-icon-opened\"><i class=\"fas fa-minus\"><\/i><\/span>\n\t\t\t\t\t\t\t\t\t\t\t\t\t\t<\/span>\n\t\t\t\t\t\t\t\t\t\t\t\t<a class=\"elementor-accordion-title\" tabindex=\"0\">Factores de riesgo<\/a>\n\t\t\t\t\t<\/div>\n\t\t\t\t\t<div id=\"elementor-tab-content-7603\" class=\"elementor-tab-content elementor-clearfix\" data-tab=\"3\" role=\"region\" aria-labelledby=\"elementor-tab-title-7603\"><p>La infecci\u00f3n de la madre, como la rub\u00e9ola\u00a0\u00a0o citomegalovirus, durante el embarazo<\/p><p>\u2022 El nacimiento prematuro, beb\u00e9s prematuros tienen tejido cerebral inmaduro que es susceptible a lesionarse por una disminuci\u00f3n en\u00a0\u00a0ox\u00edgeno\u00a0\u00a0o bajo nivel de az\u00facar.<br \/>\u2022 Ox\u00edgeno insuficiente o disminuci\u00f3n en el\u00a0\u00a0flujo de sangre al cerebro en el \u00fatero de la madre.<br \/>\u2022 Enfermedad de Rh- Incompatibilidad sangu\u00ednea entre madre y el feto , enfermedad Rh puede ser prevenida por la inmunizaci\u00f3n de la madre en los momentos apropiados.<br \/>\u2022 Defectos cong\u00e9nitas (de nacimiento) y alteraciones\u00a0\u00a0gen\u00e9ticos (heredados)<br \/>\u2022 Traumatismo craneal (incluyendo el s\u00edndrome del beb\u00e9 sacudido)<br \/>\u2022 Ictericia severa (color amarillo) en el reci\u00e9n nacido, una acumulaci\u00f3n de sustancias qu\u00edmicas que pueden perjudicar el desarrollo del cerebro del beb\u00e9<\/p><p>Una\u00a0\u00a0lesi\u00f3n\u00a0\u00a0a nivel de la sustancia blanca periventricular (PWMI) es la forma predominante de da\u00f1o cerebral y la principal causa de discapacidad neurol\u00f3gica de por vida\u00a0\u00a0en los supervivientes de un parto prematuro. Las dos causas principales de PWMI se cree que son: la corioamnionitis, que puede inducir la respuesta inflamatoria fetal, y la hipoxia \/ isquemia (H \/ I), ambos\u00a0\u00a0puede causar la degeneraci\u00f3n aguda de progenitores de oligodendrocitos resultando en\u00a0\u00a0perturbaci\u00f3n cr\u00f3nica\u00a0\u00a0en la mielinizaci\u00f3n ,alteraci\u00f3n de los axones neuronales y p\u00e9rdida subsiguiente de control del motor.<\/p><p>El ni\u00f1o nacido a termino<\/p><p>a) Hemiparesia esp\u00e1stica<br \/>Infarto cerebral en el territorio de la arteria cerebral media es el hallazgo patol\u00f3gico y radiol\u00f3gico mas com\u00fan en pacientes con hemiplejia esp\u00e1stica cong\u00e9nita. Hasta hoy no ha sido posible identificar cuando exactamente estos infartos suceden. Por razones desconocidas la hemiplejia derecha ocurre dos veces mas com\u00fanmente que la hemiplejia izquierda. Aproximadamente el 15% de pacientes con hemiplejia cong\u00e9nita tienen malformaciones cerebrales originadas en el primer trimestre del embarazo ( Ej.,esquizencefalia). La tomograf\u00eda axial y la resonancia magn\u00e9tica son normales en el 25% al 30% de los casos de PC de tipo hemipl\u00e9jico.<\/p><p>b) Quadriparesia esp\u00e1stica<br \/>Este tipo de PC ocurre frecuentemente en ni\u00f1os de bajo peso nacidos a termino. El origen de la PC en la mayor\u00eda de estos ni\u00f1os es prenatal, siendo disgenesia cerebral e infecci\u00f3n intrauterina los mas comunes. La patolog\u00eda asociada con esta forma de PC incluye cavidades en el par\u00e9nquima cerebral que comunican con los ventr\u00edculos laterales, lesiones qu\u00edsticas m\u00faltiples en la substancia blanca, atrofia cortical difusa e hidrocefalia. Malformaciones cerebrales cong\u00e9nitas incluyen defectos de migraci\u00f3n neuronal y disgenesia cerebral. Dimorfismo facial se puede encontrar en algunos de estos ni\u00f1os. La infecci\u00f3n intrauterina por citomegalovirus es la mas frecuente ya que la vacuna contra la rub\u00e9ola ha ayudado a disminuir la frecuencia de rub\u00e9ola cong\u00e9nita.<\/p><p>c) Quadriparesia coreoatetoide<br \/>Este tipo de PC es causado frecuentemente por la encefalopat\u00eda bilirrubinica o kernicterus, en la que se causa da\u00f1o a los ganglios basales por concentraciones altas de bilirrubina, produciendo una imagen microsc\u00f3pica que recuerda el m\u00e1rmol ( status marmoratus). Estos ni\u00f1os generalmente presentan un cuadro cl\u00ednico caracterizado por una t\u00e9trada de movimientos coreoatetoides, sordera neurosensorial, par\u00e1lisis de la mirada hacia arriba y displasia del enamel dental. La utilizaci\u00f3n de la inmunizaci\u00f3n Rh y los adelantos en el manejo cl\u00ednico de la hiperbilurrubinemoa severa con exanguineo transfusi\u00f3n y fototerapia, han hecho que el kernicterus suceda cada vez menos. Los pocos casos que se ven en la actualidad son generalmente el resultado de hiperbilirrubinemia asociada con otros factores de riesgo como bajo peso natal, acidosis e infecci\u00f3n.<\/p><p>d) Quadriparesia hipot\u00f3nica<br \/>En la forma de PC, el cerebro y\/o v\u00edas cerebrales pueden estar afectados. En estos casos se observan tambi\u00e9n dilataci\u00f3n ventricular. Es importante distinguir pacientes con enfermedades neuromusculares cong\u00e9nitas. En algunas de ellas como la distrofia muscular cong\u00e9nita ( Fukuyama) y la distrofia miotonica cong\u00e9nita, los musculosa si como el sistema nervioso central\u00a0\u00a0est\u00e1n afectados. Desordenes cromos\u00f3micos ( Prader-Willi, trisomias, etc.) pueden tambi\u00e9n ser la causa de esta forma de quadriparesia hipot\u00f3nica con retraso psicomotor.<\/p><p>e) Quadriparesia ataxica<br \/>Una tercera parte de paciente con este tipo de PC tiene origen gen\u00e9tico, autos\u00f3micos recesivo. Hipoplasia cerebelar, deficiencia de c\u00e9lulas granulares y el s\u00edndrome de Joubert son algunos de estos desordenes. Menos frecuentes, la ataxia puede ser heredada con un rezago autosomico dominante. El s\u00edndrome de Angelman , que se caracteriza por ataxia, hipoton\u00eda, retraso psicomotor, epilepsia y una disposici\u00f3n feliz con risa casi constante se ha ido diagnosticando con mas frecuencia en los \u00faltimos a\u00f1os, el cual se confirma por la ausencia del segmento proximal del brazo largo del cromosoma 15 heredado de la madre.<\/p><\/div>\n\t\t\t\t<\/div>\n\t\t\t\t\t\t\t<div class=\"elementor-accordion-item\">\n\t\t\t\t\t<div id=\"elementor-tab-title-7604\" class=\"elementor-tab-title\" data-tab=\"4\" role=\"button\" aria-controls=\"elementor-tab-content-7604\" aria-expanded=\"false\">\n\t\t\t\t\t\t\t\t\t\t\t\t\t<span class=\"elementor-accordion-icon elementor-accordion-icon-left\" aria-hidden=\"true\">\n\t\t\t\t\t\t\t\t\t\t\t\t\t\t\t<span class=\"elementor-accordion-icon-closed\"><i class=\"fas fa-plus\"><\/i><\/span>\n\t\t\t\t\t\t\t\t<span class=\"elementor-accordion-icon-opened\"><i class=\"fas fa-minus\"><\/i><\/span>\n\t\t\t\t\t\t\t\t\t\t\t\t\t\t<\/span>\n\t\t\t\t\t\t\t\t\t\t\t\t<a class=\"elementor-accordion-title\" tabindex=\"0\">Diagn\u00f3stico y tratamiento<\/a>\n\t\t\t\t\t<\/div>\n\t\t\t\t\t<div id=\"elementor-tab-content-7604\" class=\"elementor-tab-content elementor-clearfix\" data-tab=\"4\" role=\"region\" aria-labelledby=\"elementor-tab-title-7604\"><p>Diagn\u00f3stico de Par\u00e1lisis Cerebral<br \/>Los beb\u00e9s con par\u00e1lisis cerebral\u00a0\u00a0presentan un retrazo en el desarrollo psicomotor. Pudieran no sonre\u00edr, darse vuelta, sentarse, gatear, o caminar en los tiempos previstos. Los m\u00e9dicos utilizan el examen f\u00edsico , la historia cl\u00ednica del ni\u00f1o y la madre, pruebas sencillas ( Prueba de Bayley) y m\u00e1s pruebas complejas\u00a0\u00a0para diagnosticar la par\u00e1lisis cerebral.<\/p><p>Tratamiento<br \/>La par\u00e1lisis cerebral no se puede curar. Sin embargo, la calidad de vida puede mejorarse para la mayor\u00eda\u00a0\u00a0de los ni\u00f1os si reciben apoyo y atenci\u00f3n coordinada, lo que puede implicar una variedad de expertos. Diferentes tipos de terapia (terapia f\u00edsica, terapia ocupacional, terapia de habla y lenguaje) ayudan a los ni\u00f1os para maximizar sus actividades potenciales en diversas etapas de desarrollo. Un tratamiento oportuno de trastornos tales como convulsiones y espasticidad son cruciales para ayudar a los ni\u00f1os con par\u00e1lisis cerebral a llevar una vida m\u00e1s sana. La investigaci\u00f3n m\u00e9dica est\u00e1 trabajando para mejorar el diagn\u00f3stico, tratamiento y prevenci\u00f3n de la par\u00e1lisis cerebral.<\/p><p>El entrenamiento de la marcha sobre pasarela rodante constituye un programa de fisioterapia orientado a tareas. Estos programas incluyen entrenamiento especifico para tareas y contexto de destrezas motoras. En una ciencia de movimiento o marco de reaprendizaje motor. Seg\u00fan estudios que utilizan t\u00e9cnicas de imagen funcional, el sistema neurol\u00f3gico se remodela continuamente a lo largo de la vida y tras el da\u00f1o mediante la experiencia y el aprendizaje en respuesta a la actividad y el comportamiento. De esta manera, es razonable plantear la hip\u00f3tesis de que las tareas de la vida diaria (recuperaci\u00f3n funcional) constituyen un estimulo para\u00a0\u00a0la creaci\u00f3n de conexiones funcionales nuevas o mas eficaces dentro del tejido cerebral restante. De hecho, diversos estudios confirman que el entrenamiento de la marcha en pasarela rodante genera un aumento de la activaci\u00f3n cortical en ni\u00f1os con PCI y en adultos que han sufrido un ictus.<\/p><p>Los objetivos ser\u00e1n diferentes seg\u00fan el grado de afectaci\u00f3n del paciente:<br \/>&#8211;\u00a0\u00a0\u00a0\u00a0\u00a0\u00a0\u00a0Evitar o retrasar la cirug\u00eda.<br \/>&#8211;\u00a0\u00a0\u00a0\u00a0\u00a0\u00a0\u00a0Conseguir que el paciente camine libremente o con ayuda.<br \/>&#8211;\u00a0\u00a0\u00a0\u00a0\u00a0\u00a0\u00a0Conseguir una bipedestaci\u00f3n a sus actividades diarias en silla.<br \/>&#8211;\u00a0\u00a0\u00a0\u00a0\u00a0\u00a0\u00a0Mejorar la higiene.<br \/>&#8211;\u00a0\u00a0\u00a0\u00a0\u00a0\u00a0\u00a0Aliviar el dolor.<\/p><p>Tratamiento farmacol\u00f3gico<\/p><p>Los cient\u00edficos de Ciba en Suiza descubrieron los imidazoles en 1939. La tizanidina es un imidazolico alfa 2-adren\u00e9rgico de acci\u00f3n central y agonista por inhibici\u00f3n de la acci\u00f3n de los amino\u00e1cidos en las interneuronas espinales.<br \/>En el centro de rehabilitaci\u00f3n de la regi\u00f3n de Irkutsk, tambi\u00e9n en Rusia, en ni\u00f1os de 2-15 a\u00f1os la dosis es de 0,05-0,5 mg\/kg\/dia.<br \/>Generalmente se inicia con una dosis al acostarse y ense\u00f1a a los ni\u00f1os a dormir una siesta diurna para disminuir la somnolencia.<\/p><p>La tizanidina se absorbe r\u00e1pidamente por v\u00eda oral y alcanza la concentraci\u00f3n m\u00e1xima a las 0,75-2 h. La biodisponibilidad media absoluta es de aproximadamente el 21%, debido a un extenso metabolismo de primer paso. La uni\u00f3n a prote\u00ednas plasm\u00e1ticas es baja ( del 30%). El metabolismo es en su mayor parte hep\u00e1tico. Los metabolitos son pr\u00e1cticamente inactivos. Tanto el f\u00e1rmaco original como sus metabolitos se excretan principalmente por los ri\u00f1ones ( 53-66%).<\/p><p>Se recomienda realizar pruebas de funci\u00f3n hep\u00e1tica mensuales durante los primeros cuatro meses o con s\u00edntomas cl\u00ednicos que sugieran una disfunci\u00f3n hep\u00e1tica, como nauseas inexplicables, fatiga o anorexia. La tizanidina debe suspenderse si los niveles sericos de transaminasa glutamicopiruvica ( GPT) o de transaminasa glutamicoxalacetica ( GOT) est\u00e1n persistentemente por encima de tres veces el limite superior del rango normal. Adem\u00e1s, deben tenerse ciertas precauciones en pacientes con insuficiencia renal ( eliminaci\u00f3n de creatina (-25 mL\/min), por lo que se recomienda iniciar el tratamiento con dosis bajas en funci\u00f3n de la tolerabilidad y la eficacia. La recuperaci\u00f3n por ingesta accidental y sobredosis no presenta ning\u00fan problema, y se recomienda eliminar el f\u00e1rmaco ingerido mediante la administraci\u00f3n de carb\u00f3n activado). Tambi\u00e9n la diuresis forzada puede ayudar a la eliminaci\u00f3n de tizanidina. Como efecto secundario puede presentarse una hipotensi\u00f3n arterial siempre en relaci\u00f3n con la dosis, por lo que se recomienda minimizar esta, empezando con una dosis baja e increment\u00e1ndola gradualmente. Otros efectos secundarios son sequedad de boca ( 49%), sedacion ( 48%), depresi\u00f3n y astenia ( 41%), mareos ( 16%)y, con menor frecuencia, la elevaci\u00f3n de las enzimas hep\u00e1ticas (5%) \u2013que se normalizan al disminuir o suspender el medicamento- y las alucinaciones visuales ( 3%).<br \/>\u200b<\/p><\/div>\n\t\t\t\t<\/div>\n\t\t\t\t\t\t\t<div class=\"elementor-accordion-item\">\n\t\t\t\t\t<div id=\"elementor-tab-title-7605\" class=\"elementor-tab-title\" data-tab=\"5\" role=\"button\" aria-controls=\"elementor-tab-content-7605\" aria-expanded=\"false\">\n\t\t\t\t\t\t\t\t\t\t\t\t\t<span class=\"elementor-accordion-icon elementor-accordion-icon-left\" aria-hidden=\"true\">\n\t\t\t\t\t\t\t\t\t\t\t\t\t\t\t<span class=\"elementor-accordion-icon-closed\"><i class=\"fas fa-plus\"><\/i><\/span>\n\t\t\t\t\t\t\t\t<span class=\"elementor-accordion-icon-opened\"><i class=\"fas fa-minus\"><\/i><\/span>\n\t\t\t\t\t\t\t\t\t\t\t\t\t\t<\/span>\n\t\t\t\t\t\t\t\t\t\t\t\t<a class=\"elementor-accordion-title\" tabindex=\"0\">Rahabilitaci\u00f3n<\/a>\n\t\t\t\t\t<\/div>\n\t\t\t\t\t<div id=\"elementor-tab-content-7605\" class=\"elementor-tab-content elementor-clearfix\" data-tab=\"5\" role=\"region\" aria-labelledby=\"elementor-tab-title-7605\"><p>La rehabilitaci\u00f3n constituye un importante componente del tratamiento de los ni\u00f1os con PCI. Un objetivo funcional com\u00fan en la terapia de estos ni\u00f1os consiste en el entrenamiento de la locomoci\u00f3n ( como, por ejemplo, caminar). Las limitaciones de la marcha en ni\u00f1os con PCI son comunes. Dos de los principales problemas funcionales son la reducci\u00f3n de la velocidad y la resistencia; adem\u00e1s, las desviaciones en la marcha incluyen una disminuci\u00f3n de la longitud del paso y de la cadencia, as\u00ed como diversas anormalidades en el control muscular que var\u00edan en funci\u00f3n de la gravedad y tipo de lesi\u00f3n.<\/p><p>Los ni\u00f1os con PCI y un nivel de funcionalidad entre 3 y 4 , seg\u00fan el sistema de clasificaci\u00f3n Gross Motor Function ,\u00a0\u00a0presenta limitaciones adicionales en la locomoci\u00f3n, secundarias a un incremento de la necesidad de asistencia y apoyo durante cualquier desplazamiento. En general, la marcha ocupa un papel central en el desarrollo \u00f3seo y en la resistencia cardiopulmonar, adem\u00e1s, la marcha independiente propicia una mejor adaptaci\u00f3n a las actividades de la vida diaria e integraci\u00f3n social.<\/p><p>\u00a0<\/p><p>GMFCS NIVEL I: Puede caminar dentro o fuera de un lugar y subir escaleras sin limitaciones. Presenta habilidades motoras gruesas, incluyendo correr y saltar, pero la velocidad, coordinaci\u00f3n y balance est\u00e1n alteradas.<\/p><p>\u200bGMFCS NIVEL II<br \/>Puede caminar dentro o fuera de un lugar y subir escaleras, apoy\u00e1ndose en el barandal, pero experimenta limitaciones al caminar en superficies irregulares e inclinadas, donde hay mucha gente y lugares reducidos.<\/p><p>\u00a0<\/p><p>GMFCS NIVEL III: Puede caminar dentro o fuera de un lugar, en una superficie nivelada , con un aparato de movilidad asistida. Puede mover una silla de ruedas manualmente, o son transportados cuando viajan largas distancias o esta en el exterior en terreno irregular.<\/p><p>\u00a0<\/p><p>GMFCS NIVEL IV: Puede caminar por distancias cortas con un andador o depender mas en su movilidad con una silla de ruedas en casa y escuela y en la comunidad.<\/p><p>\u00a0<\/p><p>GMFCS NIVEL V: Impedimentos f\u00edsicos limitan el control voluntario del movimiento y la habilidad posturas antigravitacionales de la cabeza y tronco. Todas las \u00e1reas de funci\u00f3n motora esta limitadas. No tienen la habilidad de movilizarse independientemente y son transportados<\/p><\/div>\n\t\t\t\t<\/div>\n\t\t\t\t\t\t\t\t<\/div>\n\t\t\t\t\t\t<\/div>\n\t\t\t\t<\/div>\n\t\t\t\t<div class=\"elementor-element elementor-element-27e115d elementor-hidden-tablet elementor-hidden-mobile elementor-tabs-view-horizontal elementor-widget elementor-widget-tabs\" data-id=\"27e115d\" data-element_type=\"widget\" data-e-type=\"widget\" data-widget_type=\"tabs.default\">\n\t\t\t\t<div class=\"elementor-widget-container\">\n\t\t\t\t\t\t\t<div class=\"elementor-tabs\">\n\t\t\t<div class=\"elementor-tabs-wrapper\" role=\"tablist\" >\n\t\t\t\t\t\t\t\t\t<div id=\"elementor-tab-title-4181\" class=\"elementor-tab-title elementor-tab-desktop-title\" aria-selected=\"true\" data-tab=\"1\" role=\"tab\" tabindex=\"0\" aria-controls=\"elementor-tab-content-4181\" aria-expanded=\"false\">Escala GMFCS<\/div>\n\t\t\t\t\t\t\t\t\t<div id=\"elementor-tab-title-4182\" class=\"elementor-tab-title elementor-tab-desktop-title\" aria-selected=\"false\" data-tab=\"2\" role=\"tab\" tabindex=\"-1\" aria-controls=\"elementor-tab-content-4182\" aria-expanded=\"false\">Clasificaci\u00f3n<\/div>\n\t\t\t\t\t\t\t\t\t<div id=\"elementor-tab-title-4183\" class=\"elementor-tab-title elementor-tab-desktop-title\" aria-selected=\"false\" data-tab=\"3\" role=\"tab\" tabindex=\"-1\" aria-controls=\"elementor-tab-content-4183\" aria-expanded=\"false\">Factores de riesgo<\/div>\n\t\t\t\t\t\t\t\t\t<div id=\"elementor-tab-title-4184\" class=\"elementor-tab-title elementor-tab-desktop-title\" aria-selected=\"false\" data-tab=\"4\" role=\"tab\" tabindex=\"-1\" aria-controls=\"elementor-tab-content-4184\" aria-expanded=\"false\">Diagn\u00f3stico y Tratamiento<\/div>\n\t\t\t\t\t\t\t\t\t<div id=\"elementor-tab-title-4185\" class=\"elementor-tab-title elementor-tab-desktop-title\" aria-selected=\"false\" data-tab=\"5\" role=\"tab\" tabindex=\"-1\" aria-controls=\"elementor-tab-content-4185\" aria-expanded=\"false\">Rehabilitaci\u00f3n<\/div>\n\t\t\t\t\t\t\t<\/div>\n\t\t\t<div class=\"elementor-tabs-content-wrapper\" role=\"tablist\" aria-orientation=\"vertical\">\n\t\t\t\t\t\t\t\t\t<div class=\"elementor-tab-title elementor-tab-mobile-title\" aria-selected=\"true\" data-tab=\"1\" role=\"tab\" tabindex=\"0\" aria-controls=\"elementor-tab-content-4181\" aria-expanded=\"false\">Escala GMFCS<\/div>\n\t\t\t\t\t<div id=\"elementor-tab-content-4181\" class=\"elementor-tab-content elementor-clearfix\" data-tab=\"1\" role=\"tabpanel\" aria-labelledby=\"elementor-tab-title-4181\" tabindex=\"0\" hidden=\"false\"><p>\u200b<strong>Utilizando la Escala de Funci\u00f3n Motora\u00a0\u00a0(GMFCS) para identificar &#8220;las caderas en riesgo&#8221;<\/strong><\/p><p>Los estudios han demostrado que los ni\u00f1os que son capaces\u00a0\u00a0de caminar en forma independiente y correr, tienen\u00a0\u00a0un menor riesgo\u00a0\u00a0\u00a0desplazamiento de la cadera ( subluxaci\u00f3n de cadera) en comparaci\u00f3n a los ni\u00f1os con espasticidad m\u00e1s grave que no puede caminar.<\/p><p>Un ni\u00f1o con GMFCS nivel V tiene un riesgo de 90% de un problema en la cadera, mientras que el ni\u00f1o con nivel GMFCS I tiene casi ning\u00fan riesgo de un problema de cadera.<\/p><p>La combinaci\u00f3n de una escasa movilidad y la espasticidad severa bilateral (ambos miembros inferiores) parecen ser los responsables de la alta incidencia de problemas de cadera en ni\u00f1os de nivel V GMFCS<\/p><p>Los ni\u00f1os con GMFCS nivel II y III parecen desarrollar desplazamiento de cadera relacionadas con la espasticidad y la rigidez de los m\u00fasculos aductores. Los ni\u00f1os con GMFCS nivel IV a V generalmente tienen problemas con la forma de los huesos de la articulaci\u00f3n de la cadera.<\/p><p>El GMFCS por lo tanto proporciona una indicaci\u00f3n muy importante de las posibilidades de desplazamiento de la cadera en ni\u00f1os con par\u00e1lisis cerebral y es una herramienta importante que se utiliza en la decisi\u00f3n de las opciones de tratamiento apropiados.<\/p><p><em>(Soo B,Howard J, Boyd R, Reid S,Lanigan A, Wolfe R, Reddihough D, Graham K. Hip displacement in cerebral palsy. J Bone Joint Surg. 2006; 88 (A): 121-129.<\/em><\/p><p>Estos problemas de movimiento se deben a problemas en la funci\u00f3n cerebral que se producen temprano en el desarrollo. La par\u00e1lisis cerebral afecta el movimiento, la fuerza muscular, el equilibrio y la coordinaci\u00f3n. Estos problemas se observan por primera vez en la infancia y contin\u00faa en la vida adulta. Los m\u00fasculos del habla, degluci\u00f3n y la respiraci\u00f3n pueden estar involucrados. Discapacidad intelectual (mental retraso) y las convulsiones tambi\u00e9n pueden ocurrir, pero estos problemas no siempre est\u00e1n presentes.<\/p><\/div>\n\t\t\t\t\t\t\t\t\t<div class=\"elementor-tab-title elementor-tab-mobile-title\" aria-selected=\"false\" data-tab=\"2\" role=\"tab\" tabindex=\"-1\" aria-controls=\"elementor-tab-content-4182\" aria-expanded=\"false\">Clasificaci\u00f3n<\/div>\n\t\t\t\t\t<div id=\"elementor-tab-content-4182\" class=\"elementor-tab-content elementor-clearfix\" data-tab=\"2\" role=\"tabpanel\" aria-labelledby=\"elementor-tab-title-4182\" tabindex=\"0\" hidden=\"hidden\"><div class=\"paragraph\">Muchas clasificaciones de la PC se han propuesto. Algunas se basan en etiologia, otras en neuropatolog\u00eda, otras en presentaci\u00f3n cl\u00ednica, etc. Ning\u00fan sistema de clasificaci\u00f3n ha sido universalmente aceptado, ya que ninguno ha sido suficientemente integral para incluir todas las diferencias entre los subtipos de PC sin convertirse en una clasificaci\u00f3n complicada e ineficiente. La clasificaci\u00f3n mas usada es la que divide la PC de acuerdo con el numero de extremidades afectadas y el tipo de anormalidad del tono muscular o movimiento ( tabla 1)<\/div><div>\u00a0<\/div><div><div class=\"wsite-image wsite-image-border-none\"><p><a><img decoding=\"async\" src=\"https:\/\/drraulcalderon.weebly.com\/uploads\/6\/3\/9\/4\/63944865\/8764.jpg?1450385745\" alt=\"Imagen\" \/><\/a><\/p><div>\u00a0<\/div><div>TABLA 1. CLASIFICACION DE LAS PARALISIS CEREBRAL<\/div><\/div><\/div><div class=\"paragraph\"><p>\u200b\u00a0Esp\u00e1stica- Los m\u00fasculos del cuerpo son r\u00edgidos\u00a0\u00a0y no permiten el movimiento normal.<br \/>\u2022 Discin\u00e9ticos (atetoide)- Los m\u00fasculos se endurecen cuando se activan para producir posturas anormales de los brazos o las piernas, tambi\u00e9n puede haber movimientos, como si se estuviera retorciendo.<br \/>\u2022 At\u00e1xica-equilibrio y la coordinaci\u00f3n son pobres<\/p><p>El tipo de PC puede en muchos casos relacionarse a una etiolog\u00eda especifica. Por ejemplo la diparesia esp\u00e1stica es mas com\u00fan en ni\u00f1os prematuros por desarrollar una lesi\u00f3n cerebral en la regi\u00f3n germinal periventricular afectando fibras del tracto piramidal que inervan principalmente las extremidades inferiores. La quadriparesia coreoatetoide se asocia con kernicterus en el periodo neonatal debido a la lesi\u00f3n en los ganglios basales por los dep\u00f3sitos de bilirrubina. La hemiparesia esp\u00e1stica puede ser causada por una lesi\u00f3n vascular en la regi\u00f3n fronto-parietal del hemisferio contralateral. La quadriparesia esp\u00e1stica esp\u00e1stica es mas com\u00fan despu\u00e9s de una lesi\u00f3n hip\u00f3xico-isqu\u00e9mica cerebral difusa.<\/p><\/div><\/div>\n\t\t\t\t\t\t\t\t\t<div class=\"elementor-tab-title elementor-tab-mobile-title\" aria-selected=\"false\" data-tab=\"3\" role=\"tab\" tabindex=\"-1\" aria-controls=\"elementor-tab-content-4183\" aria-expanded=\"false\">Factores de riesgo<\/div>\n\t\t\t\t\t<div id=\"elementor-tab-content-4183\" class=\"elementor-tab-content elementor-clearfix\" data-tab=\"3\" role=\"tabpanel\" aria-labelledby=\"elementor-tab-title-4183\" tabindex=\"0\" hidden=\"hidden\"><p>La infecci\u00f3n de la madre, como la rub\u00e9ola\u00a0\u00a0o citomegalovirus, durante el embarazo<\/p><p>\u2022 El nacimiento prematuro, beb\u00e9s prematuros tienen tejido cerebral inmaduro que es susceptible a lesionarse por una disminuci\u00f3n en\u00a0\u00a0ox\u00edgeno\u00a0\u00a0o bajo nivel de az\u00facar.<br \/>\u2022 Ox\u00edgeno insuficiente o disminuci\u00f3n en el\u00a0\u00a0flujo de sangre al cerebro en el \u00fatero de la madre.<br \/>\u2022 Enfermedad de Rh- Incompatibilidad sangu\u00ednea entre madre y el feto , enfermedad Rh puede ser prevenida por la inmunizaci\u00f3n de la madre en los momentos apropiados.<br \/>\u2022 Defectos cong\u00e9nitas (de nacimiento) y alteraciones\u00a0\u00a0gen\u00e9ticos (heredados)<br \/>\u2022 Traumatismo craneal (incluyendo el s\u00edndrome del beb\u00e9 sacudido)<br \/>\u2022 Ictericia severa (color amarillo) en el reci\u00e9n nacido, una acumulaci\u00f3n de sustancias qu\u00edmicas que pueden perjudicar el desarrollo del cerebro del beb\u00e9<\/p><p>Una\u00a0\u00a0lesi\u00f3n\u00a0\u00a0a nivel de la sustancia blanca periventricular (PWMI) es la forma predominante de da\u00f1o cerebral y la principal causa de discapacidad neurol\u00f3gica de por vida\u00a0\u00a0en los supervivientes de un parto prematuro. Las dos causas principales de PWMI se cree que son: la corioamnionitis, que puede inducir la respuesta inflamatoria fetal, y la hipoxia \/ isquemia (H \/ I), ambos\u00a0\u00a0puede causar la degeneraci\u00f3n aguda de progenitores de oligodendrocitos resultando en\u00a0\u00a0perturbaci\u00f3n cr\u00f3nica\u00a0\u00a0en la mielinizaci\u00f3n ,alteraci\u00f3n de los axones neuronales y p\u00e9rdida subsiguiente de control del motor.<\/p><p><strong>El ni\u00f1o nacido a termino<\/strong><\/p><p>a) <strong>Hemiparesia esp\u00e1stica<\/strong><br \/>Infarto cerebral en el territorio de la arteria cerebral media es el hallazgo patol\u00f3gico y radiol\u00f3gico mas com\u00fan en pacientes con hemiplejia esp\u00e1stica cong\u00e9nita. Hasta hoy no ha sido posible identificar cuando exactamente estos infartos suceden. Por razones desconocidas la hemiplejia derecha ocurre dos veces mas com\u00fanmente que la hemiplejia izquierda. Aproximadamente el 15% de pacientes con hemiplejia cong\u00e9nita tienen malformaciones cerebrales originadas en el primer trimestre del embarazo ( Ej.,esquizencefalia). La tomograf\u00eda axial y la resonancia magn\u00e9tica son normales en el 25% al 30% de los casos de PC de tipo hemipl\u00e9jico.<\/p><p>b) <strong>Quadriparesia esp\u00e1stica<\/strong><br \/>Este tipo de PC ocurre frecuentemente en ni\u00f1os de bajo peso nacidos a termino. El origen de la PC en la mayor\u00eda de estos ni\u00f1os es prenatal, siendo disgenesia cerebral e infecci\u00f3n intrauterina los mas comunes. La patolog\u00eda asociada con esta forma de PC incluye cavidades en el par\u00e9nquima cerebral que comunican con los ventr\u00edculos laterales, lesiones qu\u00edsticas m\u00faltiples en la substancia blanca, atrofia cortical difusa e hidrocefalia. Malformaciones cerebrales cong\u00e9nitas incluyen defectos de migraci\u00f3n neuronal y disgenesia cerebral. Dimorfismo facial se puede encontrar en algunos de estos ni\u00f1os. La infecci\u00f3n intrauterina por citomegalovirus es la mas frecuente ya que la vacuna contra la rub\u00e9ola ha ayudado a disminuir la frecuencia de rub\u00e9ola cong\u00e9nita.<\/p><p>c) <strong>Quadriparesia coreoatetoide<\/strong><br \/>Este tipo de PC es causado frecuentemente por la encefalopat\u00eda bilirrubinica o kernicterus, en la que se causa da\u00f1o a los ganglios basales por concentraciones altas de bilirrubina, produciendo una imagen microsc\u00f3pica que recuerda el m\u00e1rmol ( status marmoratus). Estos ni\u00f1os generalmente presentan un cuadro cl\u00ednico caracterizado por una t\u00e9trada de movimientos coreoatetoides, sordera neurosensorial, par\u00e1lisis de la mirada hacia arriba y displasia del enamel dental. La utilizaci\u00f3n de la inmunizaci\u00f3n Rh y los adelantos en el manejo cl\u00ednico de la hiperbilurrubinemoa severa con exanguineo transfusi\u00f3n y fototerapia, han hecho que el kernicterus suceda cada vez menos. Los pocos casos que se ven en la actualidad son generalmente el resultado de hiperbilirrubinemia asociada con otros factores de riesgo como bajo peso natal, acidosis e infecci\u00f3n.<\/p><p>d) <strong>Quadriparesia hipot\u00f3nica<\/strong><br \/>En la forma de PC, el cerebro y\/o v\u00edas cerebrales pueden estar afectados. En estos casos se observan tambi\u00e9n dilataci\u00f3n ventricular. Es importante distinguir pacientes con enfermedades neuromusculares cong\u00e9nitas. En algunas de ellas como la distrofia muscular cong\u00e9nita ( Fukuyama) y la distrofia miotonica cong\u00e9nita, los musculosa si como el sistema nervioso central\u00a0\u00a0est\u00e1n afectados. Desordenes cromos\u00f3micos ( Prader-Willi, trisomias, etc.) pueden tambi\u00e9n ser la causa de esta forma de quadriparesia hipot\u00f3nica con retraso psicomotor.<\/p><p>e) <strong>Quadriparesia ataxica<\/strong><br \/>Una tercera parte de paciente con este tipo de PC tiene origen gen\u00e9tico, autos\u00f3micos recesivo. Hipoplasia cerebelar, deficiencia de c\u00e9lulas granulares y el s\u00edndrome de Joubert son algunos de estos desordenes. Menos frecuentes, la ataxia puede ser heredada con un rezago autosomico dominante. El s\u00edndrome de Angelman , que se caracteriza por ataxia, hipoton\u00eda, retraso psicomotor, epilepsia y una disposici\u00f3n feliz con risa casi constante se ha ido diagnosticando con mas frecuencia en los \u00faltimos a\u00f1os, el cual se confirma por la ausencia del segmento proximal del brazo largo del cromosoma 15 heredado de la madre.<\/p><\/div>\n\t\t\t\t\t\t\t\t\t<div class=\"elementor-tab-title elementor-tab-mobile-title\" aria-selected=\"false\" data-tab=\"4\" role=\"tab\" tabindex=\"-1\" aria-controls=\"elementor-tab-content-4184\" aria-expanded=\"false\">Diagn\u00f3stico y Tratamiento<\/div>\n\t\t\t\t\t<div id=\"elementor-tab-content-4184\" class=\"elementor-tab-content elementor-clearfix\" data-tab=\"4\" role=\"tabpanel\" aria-labelledby=\"elementor-tab-title-4184\" tabindex=\"0\" hidden=\"hidden\"><div class=\"paragraph\"><p><strong>Diagn\u00f3stico de Par\u00e1lisis Cerebral<\/strong><br \/>Los beb\u00e9s con par\u00e1lisis cerebral\u00a0\u00a0presentan un retrazo en el desarrollo psicomotor. Pudieran no sonre\u00edr, darse vuelta, sentarse, gatear, o caminar en los tiempos previstos. Los m\u00e9dicos utilizan el examen f\u00edsico , la historia cl\u00ednica del ni\u00f1o y la madre, pruebas sencillas ( Prueba de Bayley) y m\u00e1s pruebas complejas\u00a0\u00a0para diagnosticar la par\u00e1lisis cerebral.<\/p><p><strong>Tratamiento<\/strong><br \/>La par\u00e1lisis cerebral no se puede curar. Sin embargo, la calidad de vida puede mejorarse para la mayor\u00eda\u00a0\u00a0de los ni\u00f1os si reciben apoyo y atenci\u00f3n coordinada, lo que puede implicar una variedad de expertos. Diferentes tipos de terapia (terapia f\u00edsica, terapia ocupacional, terapia de habla y lenguaje) ayudan a los ni\u00f1os para maximizar sus actividades potenciales en diversas etapas de desarrollo. Un tratamiento oportuno de trastornos tales como convulsiones y espasticidad son cruciales para ayudar a los ni\u00f1os con par\u00e1lisis cerebral a llevar una vida m\u00e1s sana. La investigaci\u00f3n m\u00e9dica est\u00e1 trabajando para mejorar el diagn\u00f3stico, tratamiento y prevenci\u00f3n de la par\u00e1lisis cerebral.<\/p><p>El entrenamiento de la marcha sobre pasarela rodante constituye un programa de fisioterapia orientado a tareas. Estos programas incluyen entrenamiento especifico para tareas y contexto de destrezas motoras. En una ciencia de movimiento o marco de reaprendizaje motor. Seg\u00fan estudios que utilizan t\u00e9cnicas de imagen funcional, el sistema neurol\u00f3gico se remodela continuamente a lo largo de la vida y tras el da\u00f1o mediante la experiencia y el aprendizaje en respuesta a la actividad y el comportamiento. De esta manera, es razonable plantear la hip\u00f3tesis de que las tareas de la vida diaria (recuperaci\u00f3n funcional) constituyen un estimulo para\u00a0\u00a0la creaci\u00f3n de conexiones funcionales nuevas o mas eficaces dentro del tejido cerebral restante. De hecho, diversos estudios confirman que el entrenamiento de la marcha en pasarela rodante genera un aumento de la activaci\u00f3n cortical en ni\u00f1os con PCI y en adultos que han sufrido un ictus.<\/p><p>Los objetivos ser\u00e1n diferentes seg\u00fan el grado de afectaci\u00f3n del paciente:<br \/>&#8211;\u00a0\u00a0\u00a0\u00a0\u00a0\u00a0\u00a0Evitar o retrasar la cirug\u00eda.<br \/>&#8211;\u00a0\u00a0\u00a0\u00a0\u00a0\u00a0\u00a0Conseguir que el paciente camine libremente o con ayuda.<br \/>&#8211;\u00a0\u00a0\u00a0\u00a0\u00a0\u00a0\u00a0Conseguir una bipedestaci\u00f3n a sus actividades diarias en silla.<br \/>&#8211;\u00a0\u00a0\u00a0\u00a0\u00a0\u00a0\u00a0Mejorar la higiene.<br \/>&#8211;\u00a0\u00a0\u00a0\u00a0\u00a0\u00a0\u00a0Aliviar el dolor.<\/p><p><strong>Tratamiento farmacol\u00f3gico<\/strong><\/p><p>Los cient\u00edficos de Ciba en Suiza descubrieron los imidazoles en 1939. La tizanidina es un imidazolico alfa 2-adren\u00e9rgico de acci\u00f3n central y agonista por inhibici\u00f3n de la acci\u00f3n de los amino\u00e1cidos en las interneuronas espinales.<br \/>En el centro de rehabilitaci\u00f3n de la regi\u00f3n de Irkutsk, tambi\u00e9n en Rusia, en ni\u00f1os de 2-15 a\u00f1os la dosis es de 0,05-0,5 mg\/kg\/dia.<br \/>Generalmente se inicia con una dosis al acostarse y ense\u00f1a a los ni\u00f1os a dormir una siesta diurna para disminuir la somnolencia.<\/p><p>La tizanidina se absorbe r\u00e1pidamente por v\u00eda oral y alcanza la concentraci\u00f3n m\u00e1xima a las 0,75-2 h. La biodisponibilidad media absoluta es de aproximadamente el 21%, debido a un extenso metabolismo de primer paso. La uni\u00f3n a prote\u00ednas plasm\u00e1ticas es baja ( del 30%). El metabolismo es en su mayor parte hep\u00e1tico. Los metabolitos son pr\u00e1cticamente inactivos. Tanto el f\u00e1rmaco original como sus metabolitos se excretan principalmente por los ri\u00f1ones ( 53-66%).<\/p><p>Se recomienda realizar pruebas de funci\u00f3n hep\u00e1tica mensuales durante los primeros cuatro meses o con s\u00edntomas cl\u00ednicos que sugieran una disfunci\u00f3n hep\u00e1tica, como nauseas inexplicables, fatiga o anorexia. La tizanidina debe suspenderse si los niveles sericos de transaminasa glutamicopiruvica ( GPT) o de transaminasa glutamicoxalacetica ( GOT) est\u00e1n persistentemente por encima de tres veces el limite superior del rango normal. Adem\u00e1s, deben tenerse ciertas precauciones en pacientes con insuficiencia renal ( eliminaci\u00f3n de creatina (-25 mL\/min), por lo que se recomienda iniciar el tratamiento con dosis bajas en funci\u00f3n de la tolerabilidad y la eficacia. La recuperaci\u00f3n por ingesta accidental y sobredosis no presenta ning\u00fan problema, y se recomienda eliminar el f\u00e1rmaco ingerido mediante la administraci\u00f3n de carb\u00f3n activado). Tambi\u00e9n la diuresis forzada puede ayudar a la eliminaci\u00f3n de tizanidina. Como efecto secundario puede presentarse una hipotensi\u00f3n arterial siempre en relaci\u00f3n con la dosis, por lo que se recomienda minimizar esta, empezando con una dosis baja e increment\u00e1ndola gradualmente. Otros efectos secundarios son sequedad de boca ( 49%), sedacion ( 48%), depresi\u00f3n y astenia ( 41%), mareos ( 16%)y, con menor frecuencia, la elevaci\u00f3n de las enzimas hep\u00e1ticas (5%) \u2013que se normalizan al disminuir o suspender el medicamento- y las alucinaciones visuales ( 3%).<br \/>\u200b<\/p><\/div><hr \/><div><div class=\"wsite-image wsite-image-border-none\"><a><img decoding=\"async\" src=\"https:\/\/drraulcalderon.weebly.com\/uploads\/6\/3\/9\/4\/63944865\/9261665_orig.jpg\" alt=\"Imagen\" \/><\/a><\/div><\/div><\/div>\n\t\t\t\t\t\t\t\t\t<div class=\"elementor-tab-title elementor-tab-mobile-title\" aria-selected=\"false\" data-tab=\"5\" role=\"tab\" tabindex=\"-1\" aria-controls=\"elementor-tab-content-4185\" aria-expanded=\"false\">Rehabilitaci\u00f3n<\/div>\n\t\t\t\t\t<div id=\"elementor-tab-content-4185\" class=\"elementor-tab-content elementor-clearfix\" data-tab=\"5\" role=\"tabpanel\" aria-labelledby=\"elementor-tab-title-4185\" tabindex=\"0\" hidden=\"hidden\"><div class=\"paragraph\"><p>La rehabilitaci\u00f3n constituye un importante componente del tratamiento de los ni\u00f1os con PCI. Un objetivo funcional com\u00fan en la terapia de estos ni\u00f1os consiste en el entrenamiento de la locomoci\u00f3n ( como, por ejemplo, caminar). Las limitaciones de la marcha en ni\u00f1os con PCI son comunes. Dos de los principales problemas funcionales son la reducci\u00f3n de la velocidad y la resistencia; adem\u00e1s, las desviaciones en la marcha incluyen una disminuci\u00f3n de la longitud del paso y de la cadencia, as\u00ed como diversas anormalidades en el control muscular que var\u00edan en funci\u00f3n de la gravedad y tipo de lesi\u00f3n.<\/p><p>Los ni\u00f1os con PCI y un nivel de funcionalidad entre 3 y 4 , seg\u00fan el sistema de clasificaci\u00f3n Gross Motor Function ,\u00a0\u00a0presenta limitaciones adicionales en la locomoci\u00f3n, secundarias a un incremento de la necesidad de asistencia y apoyo durante cualquier desplazamiento. En general, la marcha ocupa un papel central en el desarrollo \u00f3seo y en la resistencia cardiopulmonar, adem\u00e1s, la marcha independiente propicia una mejor adaptaci\u00f3n a las actividades de la vida diaria e integraci\u00f3n social.<\/p><\/div><div><div class=\"wsite-image wsite-image-border-none wsite-image-border-black\"><a><img decoding=\"async\" src=\"https:\/\/drraulcalderon.weebly.com\/uploads\/6\/3\/9\/4\/63944865\/1803150_orig.jpg\" alt=\"Imagen\" \/><\/a><\/div><div class=\"wsite-image wsite-image-border-none wsite-image-border-black\"><div>\u00a0<\/div><div><strong>GMFCS NIVEL I:<\/strong> Puede caminar dentro o fuera de un lugar y subir escaleras sin limitaciones. Presenta habilidades motoras gruesas, incluyendo correr y saltar, pero la velocidad, coordinaci\u00f3n y balance est\u00e1n alteradas.<\/div><\/div><\/div><p><a><img decoding=\"async\" class=\"galleryImageBorder wsite-image\" src=\"https:\/\/drraulcalderon.weebly.com\/uploads\/6\/3\/9\/4\/63944865\/7049567_orig.jpg\" alt=\"Imagen\" \/><\/a><\/p><div class=\"paragraph\">\u200b<strong>GMFCS NIVEL II<\/strong><br \/>Puede caminar dentro o fuera de un lugar y subir escaleras, apoy\u00e1ndose en el barandal, pero experimenta limitaciones al caminar en superficies irregulares e inclinadas, donde hay mucha gente y lugares reducidos.<\/div><hr \/><div><div class=\"wsite-image wsite-image-border-none\"><p><a><img decoding=\"async\" src=\"https:\/\/drraulcalderon.weebly.com\/uploads\/6\/3\/9\/4\/63944865\/78611.jpg?316\" alt=\"Imagen\" \/><\/a><\/p><div>\u00a0<\/div><div><strong>GMFCS NIVEL III:<\/strong> Puede caminar dentro o fuera de un lugar, en una superficie nivelada , con un aparato de movilidad asistida. Puede mover una silla de ruedas manualmente, o son transportados cuando viajan largas distancias o esta en el exterior en terreno irregular.<\/div><\/div><\/div><div><div class=\"wsite-image wsite-image-border-none\"><p><a><img decoding=\"async\" src=\"https:\/\/drraulcalderon.weebly.com\/uploads\/6\/3\/9\/4\/63944865\/2330884_orig.png\" alt=\"Imagen\" \/><\/a><\/p><div>\u00a0<\/div><div><strong>GMFCS NIVEL IV:<\/strong> Puede caminar por distancias cortas con un andador o depender mas en su movilidad con una silla de ruedas en casa y escuela y en la comunidad.<\/div><\/div><\/div><div><div class=\"wsite-image wsite-image-border-none\"><p><a><img decoding=\"async\" src=\"https:\/\/drraulcalderon.weebly.com\/uploads\/6\/3\/9\/4\/63944865\/4386010_orig.jpg\" alt=\"Imagen\" \/><\/a><\/p><div>\u00a0<\/div><div><strong>GMFCS NIVEL V:<\/strong> Impedimentos f\u00edsicos limitan el control voluntario del movimiento y la habilidad posturas antigravitacionales de la cabeza y tronco. Todas las \u00e1reas de funci\u00f3n motora esta limitadas. No tienen la habilidad de movilizarse independientemente y son transportados<\/div><\/div><\/div><\/div>\n\t\t\t\t\t\t\t<\/div>\n\t\t<\/div>\n\t\t\t\t\t\t<\/div>\n\t\t\t\t<\/div>\n\t\t\t\t\t<\/div>\n\t\t<\/div>\n\t\t\t\t\t<\/div>\n\t\t<\/section>\n\t\t\t\t<section class=\"elementor-section elementor-top-section elementor-element elementor-element-14106d7 elementor-section-boxed elementor-section-height-default elementor-section-height-default\" data-id=\"14106d7\" data-element_type=\"section\" data-e-type=\"section\">\n\t\t\t\t\t\t\t<div class=\"elementor-background-overlay\"><\/div>\n\t\t\t\t\t\t\t<div class=\"elementor-container elementor-column-gap-no\">\n\t\t\t\t\t<div class=\"elementor-column elementor-col-100 elementor-top-column elementor-element elementor-element-c3eb820\" data-id=\"c3eb820\" data-element_type=\"column\" data-e-type=\"column\">\n\t\t\t<div class=\"elementor-widget-wrap elementor-element-populated\">\n\t\t\t\t\t\t<section class=\"elementor-section elementor-inner-section elementor-element elementor-element-7b5880d elementor-section-boxed elementor-section-height-default elementor-section-height-default\" data-id=\"7b5880d\" data-element_type=\"section\" data-e-type=\"section\">\n\t\t\t\t\t\t<div class=\"elementor-container elementor-column-gap-no\">\n\t\t\t\t\t<div class=\"elementor-column elementor-col-50 elementor-inner-column elementor-element elementor-element-56a19f6\" data-id=\"56a19f6\" data-element_type=\"column\" data-e-type=\"column\">\n\t\t\t<div class=\"elementor-widget-wrap elementor-element-populated\">\n\t\t\t\t\t\t<div class=\"elementor-element elementor-element-1eb4476 elementor-widget elementor-widget-heading\" data-id=\"1eb4476\" data-element_type=\"widget\" data-e-type=\"widget\" data-widget_type=\"heading.default\">\n\t\t\t\t<div class=\"elementor-widget-container\">\n\t\t\t\t\t<h3 class=\"elementor-heading-title elementor-size-default\">Instagram<\/h3>\t\t\t\t<\/div>\n\t\t\t\t<\/div>\n\t\t\t\t\t<\/div>\n\t\t<\/div>\n\t\t\t\t<div class=\"elementor-column elementor-col-50 elementor-inner-column elementor-element elementor-element-f86e7fa\" data-id=\"f86e7fa\" data-element_type=\"column\" data-e-type=\"column\">\n\t\t\t<div class=\"elementor-widget-wrap elementor-element-populated\">\n\t\t\t\t\t\t<div class=\"elementor-element elementor-element-aed558b elementor-align-right elementor-mobile-align-center elementor-widget elementor-widget-button\" data-id=\"aed558b\" data-element_type=\"widget\" data-e-type=\"widget\" data-widget_type=\"button.default\">\n\t\t\t\t<div class=\"elementor-widget-container\">\n\t\t\t\t\t\t\t\t\t<div class=\"elementor-button-wrapper\">\n\t\t\t\t\t<a class=\"elementor-button elementor-button-link elementor-size-sm\" href=\"https:\/\/www.instagram.com\/dr_raul_calderon\/\">\n\t\t\t\t\t\t<span class=\"elementor-button-content-wrapper\">\n\t\t\t\t\t\t<span class=\"elementor-button-icon\">\n\t\t\t\t<i aria-hidden=\"true\" class=\"fas fa-external-link-alt\"><\/i>\t\t\t<\/span>\n\t\t\t\t\t\t\t\t\t<span class=\"elementor-button-text\">@dr_raul_calderon<\/span>\n\t\t\t\t\t<\/span>\n\t\t\t\t\t<\/a>\n\t\t\t\t<\/div>\n\t\t\t\t\t\t\t\t<\/div>\n\t\t\t\t<\/div>\n\t\t\t\t\t<\/div>\n\t\t<\/div>\n\t\t\t\t\t<\/div>\n\t\t<\/section>\n\t\t\t\t<div class=\"elementor-element elementor-element-955b6d2 elementor-widget elementor-widget-html\" data-id=\"955b6d2\" data-element_type=\"widget\" data-e-type=\"widget\" data-widget_type=\"html.default\">\n\t\t\t\t<div class=\"elementor-widget-container\">\n\t\t\t\t\t\t\t\t<style>\r\n\t\t\t\t\t#insta-gallery-feed-0 .insta-gallery-list .insta-gallery-item .insta-gallery-image-wrap .insta-gallery-image-mask {background-color: #000000;}\t\t\t<\/style>\r\n\t\t\t<div id=\"insta-gallery-feed-0\" class=\"insta-gallery-feed insta-gallery-square\" data-feed=\"{&quot;id&quot;:0,&quot;order&quot;:1,&quot;username&quot;:&quot;17841455749801896&quot;,&quot;type&quot;:&quot;username&quot;,&quot;tag&quot;:&quot;wordpress&quot;,&quot;order_by&quot;:&quot;top_media&quot;,&quot;layout&quot;:&quot;carousel&quot;,&quot;limit&quot;:&quot;12&quot;,&quot;columns&quot;:&quot;3&quot;,&quot;resolution&quot;:&quot;standard&quot;,&quot;lazy&quot;:false,&quot;spacing&quot;:5,&quot;highlight&quot;:[&quot;1&quot;,&quot;3&quot;,&quot;5&quot;],&quot;profile&quot;:{&quot;id&quot;:17841455749801896,&quot;username&quot;:&quot;&quot;,&quot;website&quot;:&quot;&quot;,&quot;biography&quot;:&quot;&quot;,&quot;name&quot;:&quot;&quot;,&quot;followers_count&quot;:0,&quot;media_count&quot;:0,&quot;profile_picture_url&quot;:&quot;http:\\\/\\\/2.gravatar.com\\\/avatar\\\/b642b4217b34b1e8d3bd915fc65c4452?s=320&amp;d=mm&amp;r=g&quot;,&quot;link&quot;:&quot;&quot;,&quot;error&quot;:1,&quot;message&quot;:&quot;Error validating access token: Session has expired on Saturday, 04-Nov-23 03:14:39 PDT. The current time is Tuesday, 28-Apr-26 07:07:01 PDT.&quot;},&quot;box&quot;:{&quot;display&quot;:false,&quot;padding&quot;:&quot;1&quot;,&quot;radius&quot;:&quot;0&quot;,&quot;background&quot;:&quot;#fefefe&quot;,&quot;profile&quot;:false,&quot;desc&quot;:&quot;&quot;,&quot;color_text&quot;:&quot;#000000&quot;},&quot;mask&quot;:{&quot;display&quot;:true,&quot;background&quot;:&quot;#000000&quot;,&quot;likes&quot;:true,&quot;comments&quot;:true},&quot;card&quot;:{&quot;display&quot;:false,&quot;radius&quot;:&quot;1&quot;,&quot;font_size&quot;:&quot;12&quot;,&quot;background&quot;:&quot;#ffffff&quot;,&quot;text_color&quot;:&quot;#000000&quot;,&quot;padding&quot;:&quot;5&quot;,&quot;info&quot;:true,&quot;length&quot;:&quot;10&quot;,&quot;caption&quot;:true},&quot;carousel&quot;:{&quot;slidespv&quot;:&quot;5&quot;,&quot;autoplay&quot;:false,&quot;autoplay_interval&quot;:&quot;3000&quot;,&quot;navarrows&quot;:true,&quot;navarrows_color&quot;:&quot;&quot;,&quot;pagination&quot;:true,&quot;pagination_color&quot;:&quot;&quot;},&quot;popup&quot;:{&quot;display&quot;:true,&quot;profile&quot;:false,&quot;caption&quot;:false,&quot;likes&quot;:false,&quot;comments&quot;:false,&quot;align&quot;:&quot;bottom&quot;},&quot;button&quot;:{&quot;display&quot;:true,&quot;text&quot;:&quot;View on Instagram&quot;,&quot;background&quot;:&quot;&quot;,&quot;background_hover&quot;:&quot;&quot;},&quot;button_load&quot;:{&quot;display&quot;:false,&quot;text&quot;:&quot;Load more...&quot;,&quot;background&quot;:&quot;&quot;,&quot;background_hover&quot;:&quot;&quot;},&quot;panel&quot;:&quot;tab_panel_feed&quot;,&quot;insta_layout&quot;:&quot;carousel&quot;,&quot;insta_box&quot;:false,&quot;insta_box-padding&quot;:&quot;1&quot;,&quot;insta_box-radius&quot;:&quot;0&quot;,&quot;insta_box-background&quot;:&quot;#fefefe&quot;,&quot;insta_box-profile&quot;:false,&quot;insta_box-desc&quot;:&quot;&quot;,&quot;insta_box-color-text&quot;:&quot;#000000&quot;,&quot;insta_button_load&quot;:false,&quot;insta_button_load-background-hover&quot;:&quot;&quot;,&quot;insta_button_load-background&quot;:&quot;&quot;,&quot;insta_button_load-text&quot;:&quot;Load more...&quot;,&quot;insta_button&quot;:true,&quot;insta_button-background-hover&quot;:&quot;&quot;,&quot;insta_button-background&quot;:&quot;&quot;,&quot;insta_button-text&quot;:&quot;View on Instagram&quot;,&quot;insta_card&quot;:false,&quot;insta_card-font-size&quot;:&quot;12&quot;,&quot;insta_card-color-text&quot;:&quot;#000000&quot;,&quot;insta_card-padding&quot;:&quot;5&quot;,&quot;insta_card-radius&quot;:&quot;1&quot;,&quot;insta_card-background&quot;:&quot;#ffffff&quot;}\" data-feed_layout=\"carousel\">\r\n    <div class=\"swiper-container\">\r\n    <div class=\"insta-gallery-list swiper-wrapper\">\r\n    <\/div>\r\n          <div class=\"swiper-pagination\"><\/div>\r\n              <div class=\"swiper-button-prev\">\r\n        <i class=\"qligg-icon-prev\"><\/i>\r\n      <\/div>\r\n      <div class=\"swiper-button-next\">\r\n        <i class=\"qligg-icon-next\"><\/i>\r\n      <\/div>\r\n        <div class=\"insta-gallery-spinner\"><\/div>  <\/div>\r\n    <div class=\"insta-gallery-actions\">\r\n    <a href=\"https:\/\/www.instagram.com\/\" target=\"blank\" class=\"insta-gallery-button follow\"><i class=\"qligg-icon-instagram-o\"><\/i>View on Instagram<\/a>\r\n  <\/div>\r\n <\/div>\t\t\t\t<\/div>\n\t\t\t\t<\/div>\n\t\t\t\t\t<\/div>\n\t\t<\/div>\n\t\t\t\t\t<\/div>\n\t\t<\/section>\n\t\t\t\t<\/div>\n\t\t","protected":false},"excerpt":{"rendered":"<p>Par\u00e1lisis Cerebral \u201cPar\u00e1lisis cerebral infantil\u201d (PCI) es el termino empleado para definir un grupo de s\u00edndromes no progresivos que cursan con deterioro de la postura y el movimiento, ocasionados por una alteraci\u00f3n en el desarrollo del sistema nervioso central que puede ocurrir intrautero, durante el parto o en los dos primeros a\u00f1os de vida. La &hellip;<\/p>\n<p class=\"read-more\"> <a class=\"\" href=\"https:\/\/drraulcalderon.com\/index.php\/paralisiscerebral\/\"> <span class=\"screen-reader-text\">Paralisis Cerebral<\/span> Leer m\u00e1s &raquo;<\/a><\/p>\n","protected":false},"author":1,"featured_media":0,"parent":0,"menu_order":0,"comment_status":"closed","ping_status":"closed","template":"","meta":{"site-sidebar-layout":"no-sidebar","site-content-layout":"page-builder","ast-global-header-display":"","ast-main-header-display":"","ast-hfb-above-header-display":"","ast-hfb-below-header-display":"","ast-hfb-mobile-header-display":"","site-post-title":"disabled","ast-breadcrumbs-content":"disabled","ast-featured-img":"disabled","footer-sml-layout":"","theme-transparent-header-meta":"enabled","adv-header-id-meta":"","stick-header-meta":"","header-above-stick-meta":"","header-main-stick-meta":"","header-below-stick-meta":"","_joinchat":[],"footnotes":""},"class_list":["post-1334","page","type-page","status-publish","hentry"],"yoast_head":"<!-- This site is optimized with the Yoast SEO plugin v20.13 - https:\/\/yoast.com\/wordpress\/plugins\/seo\/ -->\n<title>Paralisis Cerebral - Dr Ra\u00fal Calder\u00f3n<\/title>\n<meta name=\"robots\" content=\"index, follow, max-snippet:-1, max-image-preview:large, max-video-preview:-1\" \/>\n<link rel=\"canonical\" href=\"https:\/\/drraulcalderon.com\/index.php\/paralisiscerebral\/\" \/>\n<meta property=\"og:locale\" content=\"es_MX\" \/>\n<meta property=\"og:type\" content=\"article\" \/>\n<meta property=\"og:title\" content=\"Paralisis Cerebral - Dr Ra\u00fal Calder\u00f3n\" \/>\n<meta property=\"og:description\" content=\"Par\u00e1lisis Cerebral \u201cPar\u00e1lisis cerebral infantil\u201d (PCI) es el termino empleado para definir un grupo de s\u00edndromes no progresivos que cursan con deterioro de la postura y el movimiento, ocasionados por una alteraci\u00f3n en el desarrollo del sistema nervioso central que puede ocurrir intrautero, durante el parto o en los dos primeros a\u00f1os de vida. La &hellip; Paralisis Cerebral Leer m\u00e1s &raquo;\" \/>\n<meta property=\"og:url\" content=\"https:\/\/drraulcalderon.com\/index.php\/paralisiscerebral\/\" \/>\n<meta property=\"og:site_name\" content=\"Dr Ra\u00fal Calder\u00f3n\" \/>\n<meta property=\"article:modified_time\" content=\"2023-04-29T00:20:42+00:00\" \/>\n<meta property=\"og:image\" content=\"http:\/\/drraulcalderon.com\/wp-content\/uploads\/2023\/04\/Diseno-sin-titulo-4.png\" \/>\n<meta name=\"twitter:card\" content=\"summary_large_image\" \/>\n<meta name=\"twitter:label1\" content=\"Tiempo de lectura\" \/>\n\t<meta name=\"twitter:data1\" content=\"4 minutos\" \/>\n<script type=\"application\/ld+json\" class=\"yoast-schema-graph\">{\"@context\":\"https:\/\/schema.org\",\"@graph\":[{\"@type\":\"WebPage\",\"@id\":\"https:\/\/drraulcalderon.com\/index.php\/paralisiscerebral\/\",\"url\":\"https:\/\/drraulcalderon.com\/index.php\/paralisiscerebral\/\",\"name\":\"Paralisis Cerebral - Dr Ra\u00fal Calder\u00f3n\",\"isPartOf\":{\"@id\":\"https:\/\/drraulcalderon.com\/#website\"},\"datePublished\":\"2023-04-08T05:53:31+00:00\",\"dateModified\":\"2023-04-29T00:20:42+00:00\",\"breadcrumb\":{\"@id\":\"https:\/\/drraulcalderon.com\/index.php\/paralisiscerebral\/#breadcrumb\"},\"inLanguage\":\"es\",\"potentialAction\":[{\"@type\":\"ReadAction\",\"target\":[\"https:\/\/drraulcalderon.com\/index.php\/paralisiscerebral\/\"]}]},{\"@type\":\"BreadcrumbList\",\"@id\":\"https:\/\/drraulcalderon.com\/index.php\/paralisiscerebral\/#breadcrumb\",\"itemListElement\":[{\"@type\":\"ListItem\",\"position\":1,\"name\":\"Inicio\",\"item\":\"https:\/\/drraulcalderon.com\/\"},{\"@type\":\"ListItem\",\"position\":2,\"name\":\"Paralisis Cerebral\"}]},{\"@type\":\"WebSite\",\"@id\":\"https:\/\/drraulcalderon.com\/#website\",\"url\":\"https:\/\/drraulcalderon.com\/\",\"name\":\"Dr Ra\u00fal Calder\u00f3n\",\"description\":\"Neuropediatr\u00eda y Neurodesarrollo\",\"publisher\":{\"@id\":\"https:\/\/drraulcalderon.com\/#\/schema\/person\/0bd0be000915288a253b0e18a70f4d0c\"},\"potentialAction\":[{\"@type\":\"SearchAction\",\"target\":{\"@type\":\"EntryPoint\",\"urlTemplate\":\"https:\/\/drraulcalderon.com\/?s={search_term_string}\"},\"query-input\":\"required name=search_term_string\"}],\"inLanguage\":\"es\"},{\"@type\":[\"Person\",\"Organization\"],\"@id\":\"https:\/\/drraulcalderon.com\/#\/schema\/person\/0bd0be000915288a253b0e18a70f4d0c\",\"name\":\"Raul Calderon\",\"image\":{\"@type\":\"ImageObject\",\"inLanguage\":\"es\",\"@id\":\"https:\/\/drraulcalderon.com\/#\/schema\/person\/image\/\",\"url\":\"https:\/\/drraulcalderon.com\/wp-content\/uploads\/2023\/03\/LOGO-DR-RAUL-PSDazul-e1679738903670.png\",\"contentUrl\":\"https:\/\/drraulcalderon.com\/wp-content\/uploads\/2023\/03\/LOGO-DR-RAUL-PSDazul-e1679738903670.png\",\"width\":1080,\"height\":567,\"caption\":\"Raul Calderon\"},\"logo\":{\"@id\":\"https:\/\/drraulcalderon.com\/#\/schema\/person\/image\/\"}}]}<\/script>\n<!-- \/ Yoast SEO plugin. -->","yoast_head_json":{"title":"Paralisis Cerebral - Dr Ra\u00fal Calder\u00f3n","robots":{"index":"index","follow":"follow","max-snippet":"max-snippet:-1","max-image-preview":"max-image-preview:large","max-video-preview":"max-video-preview:-1"},"canonical":"https:\/\/drraulcalderon.com\/index.php\/paralisiscerebral\/","og_locale":"es_MX","og_type":"article","og_title":"Paralisis Cerebral - Dr Ra\u00fal Calder\u00f3n","og_description":"Par\u00e1lisis Cerebral \u201cPar\u00e1lisis cerebral infantil\u201d (PCI) es el termino empleado para definir un grupo de s\u00edndromes no progresivos que cursan con deterioro de la postura y el movimiento, ocasionados por una alteraci\u00f3n en el desarrollo del sistema nervioso central que puede ocurrir intrautero, durante el parto o en los dos primeros a\u00f1os de vida. La &hellip; Paralisis Cerebral Leer m\u00e1s &raquo;","og_url":"https:\/\/drraulcalderon.com\/index.php\/paralisiscerebral\/","og_site_name":"Dr Ra\u00fal Calder\u00f3n","article_modified_time":"2023-04-29T00:20:42+00:00","og_image":[{"url":"http:\/\/drraulcalderon.com\/wp-content\/uploads\/2023\/04\/Diseno-sin-titulo-4.png"}],"twitter_card":"summary_large_image","twitter_misc":{"Tiempo de lectura":"4 minutos"},"schema":{"@context":"https:\/\/schema.org","@graph":[{"@type":"WebPage","@id":"https:\/\/drraulcalderon.com\/index.php\/paralisiscerebral\/","url":"https:\/\/drraulcalderon.com\/index.php\/paralisiscerebral\/","name":"Paralisis Cerebral - Dr Ra\u00fal Calder\u00f3n","isPartOf":{"@id":"https:\/\/drraulcalderon.com\/#website"},"datePublished":"2023-04-08T05:53:31+00:00","dateModified":"2023-04-29T00:20:42+00:00","breadcrumb":{"@id":"https:\/\/drraulcalderon.com\/index.php\/paralisiscerebral\/#breadcrumb"},"inLanguage":"es","potentialAction":[{"@type":"ReadAction","target":["https:\/\/drraulcalderon.com\/index.php\/paralisiscerebral\/"]}]},{"@type":"BreadcrumbList","@id":"https:\/\/drraulcalderon.com\/index.php\/paralisiscerebral\/#breadcrumb","itemListElement":[{"@type":"ListItem","position":1,"name":"Inicio","item":"https:\/\/drraulcalderon.com\/"},{"@type":"ListItem","position":2,"name":"Paralisis Cerebral"}]},{"@type":"WebSite","@id":"https:\/\/drraulcalderon.com\/#website","url":"https:\/\/drraulcalderon.com\/","name":"Dr Ra\u00fal Calder\u00f3n","description":"Neuropediatr\u00eda y Neurodesarrollo","publisher":{"@id":"https:\/\/drraulcalderon.com\/#\/schema\/person\/0bd0be000915288a253b0e18a70f4d0c"},"potentialAction":[{"@type":"SearchAction","target":{"@type":"EntryPoint","urlTemplate":"https:\/\/drraulcalderon.com\/?s={search_term_string}"},"query-input":"required name=search_term_string"}],"inLanguage":"es"},{"@type":["Person","Organization"],"@id":"https:\/\/drraulcalderon.com\/#\/schema\/person\/0bd0be000915288a253b0e18a70f4d0c","name":"Raul Calderon","image":{"@type":"ImageObject","inLanguage":"es","@id":"https:\/\/drraulcalderon.com\/#\/schema\/person\/image\/","url":"https:\/\/drraulcalderon.com\/wp-content\/uploads\/2023\/03\/LOGO-DR-RAUL-PSDazul-e1679738903670.png","contentUrl":"https:\/\/drraulcalderon.com\/wp-content\/uploads\/2023\/03\/LOGO-DR-RAUL-PSDazul-e1679738903670.png","width":1080,"height":567,"caption":"Raul Calderon"},"logo":{"@id":"https:\/\/drraulcalderon.com\/#\/schema\/person\/image\/"}}]}},"_links":{"self":[{"href":"https:\/\/drraulcalderon.com\/index.php\/wp-json\/wp\/v2\/pages\/1334","targetHints":{"allow":["GET"]}}],"collection":[{"href":"https:\/\/drraulcalderon.com\/index.php\/wp-json\/wp\/v2\/pages"}],"about":[{"href":"https:\/\/drraulcalderon.com\/index.php\/wp-json\/wp\/v2\/types\/page"}],"author":[{"embeddable":true,"href":"https:\/\/drraulcalderon.com\/index.php\/wp-json\/wp\/v2\/users\/1"}],"replies":[{"embeddable":true,"href":"https:\/\/drraulcalderon.com\/index.php\/wp-json\/wp\/v2\/comments?post=1334"}],"version-history":[{"count":25,"href":"https:\/\/drraulcalderon.com\/index.php\/wp-json\/wp\/v2\/pages\/1334\/revisions"}],"predecessor-version":[{"id":1518,"href":"https:\/\/drraulcalderon.com\/index.php\/wp-json\/wp\/v2\/pages\/1334\/revisions\/1518"}],"wp:attachment":[{"href":"https:\/\/drraulcalderon.com\/index.php\/wp-json\/wp\/v2\/media?parent=1334"}],"curies":[{"name":"wp","href":"https:\/\/api.w.org\/{rel}","templated":true}]}}