{"id":1263,"date":"2023-04-08T00:35:07","date_gmt":"2023-04-08T00:35:07","guid":{"rendered":"https:\/\/drraulcalderon.com\/?page_id=1263"},"modified":"2025-10-23T08:59:20","modified_gmt":"2025-10-23T08:59:20","slug":"deficitdeatencion","status":"publish","type":"page","link":"https:\/\/drraulcalderon.com\/index.php\/deficitdeatencion\/","title":{"rendered":"D\u00e9ficit de atenci\u00f3n"},"content":{"rendered":"\t\t<div data-elementor-type=\"wp-page\" data-elementor-id=\"1263\" class=\"elementor elementor-1263\" data-elementor-post-type=\"page\">\n\t\t\t\t\t\t<section class=\"elementor-section elementor-top-section elementor-element elementor-element-8dd1732 elementor-reverse-mobile elementor-section-boxed elementor-section-height-default elementor-section-height-default\" data-id=\"8dd1732\" data-element_type=\"section\" data-e-type=\"section\" data-settings=\"{&quot;background_background&quot;:&quot;classic&quot;}\">\n\t\t\t\t\t\t<div class=\"elementor-container elementor-column-gap-no\">\n\t\t\t\t\t<div class=\"elementor-column elementor-col-50 elementor-top-column elementor-element elementor-element-003e555\" data-id=\"003e555\" data-element_type=\"column\" data-e-type=\"column\">\n\t\t\t<div class=\"elementor-widget-wrap elementor-element-populated\">\n\t\t\t\t\t\t<div class=\"elementor-element elementor-element-73a447c elementor-widget elementor-widget-heading\" data-id=\"73a447c\" data-element_type=\"widget\" data-e-type=\"widget\" data-widget_type=\"heading.default\">\n\t\t\t\t<div class=\"elementor-widget-container\">\n\t\t\t\t\t<h2 class=\"elementor-heading-title elementor-size-default\">D\u00e9ficit de Atenci\u00f3n e Hiperactividad (TDAH)<\/h2>\t\t\t\t<\/div>\n\t\t\t\t<\/div>\n\t\t\t\t<div class=\"elementor-element elementor-element-b7e4ab2 elementor-widget elementor-widget-text-editor\" data-id=\"b7e4ab2\" data-element_type=\"widget\" data-e-type=\"widget\" data-widget_type=\"text-editor.default\">\n\t\t\t\t<div class=\"elementor-widget-container\">\n\t\t\t\t\t\t\t\t\t<p>Es un trastorno del neurodesarrollo cerebral de origen biol\u00f3gico y con etiolog\u00eda desconocida, pero de base principalmente gen\u00e9tica. Sus s\u00edntomas comienzan en la infancia, y se caracteriza por la presencia de dificultades de atenci\u00f3n y\/o hiperactividad e impulsividad en grado inapropiado, de manera que interfiere en el funcionamiento normal del paciente.<\/p><p>\u00a0Se estima que el 3-7% de los ni\u00f1os en edad escolar presenta TDAH ; sin embargo, en algunos estudios epidemiol\u00f3gicos se estima que hasta un 10% de los ni\u00f1os podr\u00eda estar afectado. hasta el 65% de los ni\u00f1os con TDAH presenta al menos una comorbilidad, suelen empeorar en la adolescencia .<\/p>\t\t\t\t\t\t\t\t<\/div>\n\t\t\t\t<\/div>\n\t\t\t\t\t<\/div>\n\t\t<\/div>\n\t\t\t\t<div class=\"elementor-column elementor-col-50 elementor-top-column elementor-element elementor-element-2c11e68\" data-id=\"2c11e68\" data-element_type=\"column\" data-e-type=\"column\">\n\t\t\t<div class=\"elementor-widget-wrap elementor-element-populated\">\n\t\t\t\t\t\t<div class=\"elementor-element elementor-element-f9a1d3a elementor-widget elementor-widget-image\" data-id=\"f9a1d3a\" data-element_type=\"widget\" data-e-type=\"widget\" data-widget_type=\"image.default\">\n\t\t\t\t<div class=\"elementor-widget-container\">\n\t\t\t\t\t\t\t\t\t\t\t\t\t\t\t<img fetchpriority=\"high\" decoding=\"async\" width=\"624\" height=\"960\" src=\"https:\/\/drraulcalderon.com\/wp-content\/uploads\/2023\/04\/Diseno-sin-titulo.png\" class=\"attachment-full size-full wp-image-1265\" alt=\"\" srcset=\"https:\/\/drraulcalderon.com\/wp-content\/uploads\/2023\/04\/Diseno-sin-titulo.png 624w, https:\/\/drraulcalderon.com\/wp-content\/uploads\/2023\/04\/Diseno-sin-titulo-195x300.png 195w\" sizes=\"(max-width: 624px) 100vw, 624px\" \/>\t\t\t\t\t\t\t\t\t\t\t\t\t\t\t<\/div>\n\t\t\t\t<\/div>\n\t\t\t\t\t<\/div>\n\t\t<\/div>\n\t\t\t\t\t<\/div>\n\t\t<\/section>\n\t\t\t\t<section class=\"elementor-section elementor-top-section elementor-element elementor-element-33f3653 elementor-section-boxed elementor-section-height-default elementor-section-height-default\" data-id=\"33f3653\" data-element_type=\"section\" data-e-type=\"section\" data-settings=\"{&quot;background_background&quot;:&quot;classic&quot;}\">\n\t\t\t\t\t\t<div class=\"elementor-container elementor-column-gap-no\">\n\t\t\t\t\t<div class=\"elementor-column elementor-col-50 elementor-top-column elementor-element elementor-element-7b31927\" data-id=\"7b31927\" data-element_type=\"column\" data-e-type=\"column\">\n\t\t\t<div class=\"elementor-widget-wrap elementor-element-populated\">\n\t\t\t\t\t\t<div class=\"elementor-element elementor-element-57916cf elementor-widget elementor-widget-image\" data-id=\"57916cf\" data-element_type=\"widget\" data-e-type=\"widget\" data-widget_type=\"image.default\">\n\t\t\t\t<div class=\"elementor-widget-container\">\n\t\t\t\t\t\t\t\t\t\t\t\t\t\t\t<img decoding=\"async\" width=\"552\" height=\"552\" src=\"https:\/\/drraulcalderon.com\/wp-content\/uploads\/2023\/04\/Diseno-sin-titulo-1.png\" class=\"attachment-full size-full wp-image-1270\" alt=\"\" srcset=\"https:\/\/drraulcalderon.com\/wp-content\/uploads\/2023\/04\/Diseno-sin-titulo-1.png 552w, https:\/\/drraulcalderon.com\/wp-content\/uploads\/2023\/04\/Diseno-sin-titulo-1-300x300.png 300w, https:\/\/drraulcalderon.com\/wp-content\/uploads\/2023\/04\/Diseno-sin-titulo-1-150x150.png 150w\" sizes=\"(max-width: 552px) 100vw, 552px\" \/>\t\t\t\t\t\t\t\t\t\t\t\t\t\t\t<\/div>\n\t\t\t\t<\/div>\n\t\t\t\t\t<\/div>\n\t\t<\/div>\n\t\t\t\t<div class=\"elementor-column elementor-col-50 elementor-top-column elementor-element elementor-element-d1c1b6e\" data-id=\"d1c1b6e\" data-element_type=\"column\" data-e-type=\"column\">\n\t\t\t<div class=\"elementor-widget-wrap elementor-element-populated\">\n\t\t\t\t\t\t<div class=\"elementor-element elementor-element-0341be2 elementor-widget elementor-widget-text-editor\" data-id=\"0341be2\" data-element_type=\"widget\" data-e-type=\"widget\" data-widget_type=\"text-editor.default\">\n\t\t\t\t<div class=\"elementor-widget-container\">\n\t\t\t\t\t\t\t\t\t<p>El cerebro funciona en forma de redes o circuitos neuronales. En el TDAH est\u00e1n implicadas zonas donde predominan las v\u00edas neurotransmisoras dopamin\u00e9rgicas y noradren\u00e9rgicas . Aunque existen muchas estrategias diferentes de tratamiento, hay dos tipos principales: no farmacol\u00f3gico\u00a0 y farmacol\u00f3gico . Se aconseja un programa de tratamiento multimodal.<br \/><br \/>Existen varios f\u00e1rmacos aprobados que aumentan la cantidad de neurotransmisores catecolamin\u00e9rgicos en la sinopsis . Estos se dividen en dos grupos: &#8211; Estimulantes: las anfetaminas y el metilfenidato \u00a0favorecen la liberaci\u00f3n de dopamina y noradrenalina en la sinapsis e inhiben su recaptaci\u00f3n por la neurona presin\u00e1ptica . Act\u00faan en la corteza prefrontal . &#8211; No estimulantes: la atomoxetina , que inhibe selectivamente la recaptaci\u00f3n de noradrenalina, y la guafacina ( agoniza alfa2-adrenergico de acci\u00f3n central, antihipertensivo) .<\/p>\t\t\t\t\t\t\t\t<\/div>\n\t\t\t\t<\/div>\n\t\t\t\t<div class=\"elementor-element elementor-element-e6c5e4d elementor-align-center elementor-widget elementor-widget-button\" data-id=\"e6c5e4d\" data-element_type=\"widget\" data-e-type=\"widget\" data-widget_type=\"button.default\">\n\t\t\t\t<div class=\"elementor-widget-container\">\n\t\t\t\t\t\t\t\t\t<div class=\"elementor-button-wrapper\">\n\t\t\t\t\t<a class=\"elementor-button elementor-button-link elementor-size-sm\" href=\"https:\/\/app.box.com\/s\/fm3fge7e8xodk85um4deqwy9eumkbdg4\">\n\t\t\t\t\t\t<span class=\"elementor-button-content-wrapper\">\n\t\t\t\t\t\t\t\t\t<span class=\"elementor-button-text\">TDAH Y DISLEXIA<\/span>\n\t\t\t\t\t<\/span>\n\t\t\t\t\t<\/a>\n\t\t\t\t<\/div>\n\t\t\t\t\t\t\t\t<\/div>\n\t\t\t\t<\/div>\n\t\t\t\t\t<\/div>\n\t\t<\/div>\n\t\t\t\t\t<\/div>\n\t\t<\/section>\n\t\t\t\t<section class=\"elementor-section elementor-top-section elementor-element elementor-element-5085460 elementor-section-boxed elementor-section-height-default elementor-section-height-default\" data-id=\"5085460\" data-element_type=\"section\" data-e-type=\"section\">\n\t\t\t\t\t\t<div class=\"elementor-container elementor-column-gap-no\">\n\t\t\t\t\t<div class=\"elementor-column elementor-col-100 elementor-top-column elementor-element elementor-element-434501c\" data-id=\"434501c\" data-element_type=\"column\" data-e-type=\"column\">\n\t\t\t<div class=\"elementor-widget-wrap elementor-element-populated\">\n\t\t\t\t\t\t<div class=\"elementor-element elementor-element-11fd040 elementor-widget elementor-widget-heading\" data-id=\"11fd040\" data-element_type=\"widget\" data-e-type=\"widget\" data-widget_type=\"heading.default\">\n\t\t\t\t<div class=\"elementor-widget-container\">\n\t\t\t\t\t<h6 class=\"elementor-heading-title elementor-size-default\">eSCALA PARA EVALUAR EL TRASTORNO POR D\u00c9FICIT DE ATENCI\u00d3N <\/h6>\t\t\t\t<\/div>\n\t\t\t\t<\/div>\n\t\t\t\t<div class=\"elementor-element elementor-element-21d4ef0 elementor-align-center elementor-widget elementor-widget-button\" data-id=\"21d4ef0\" data-element_type=\"widget\" data-e-type=\"widget\" data-widget_type=\"button.default\">\n\t\t\t\t<div class=\"elementor-widget-container\">\n\t\t\t\t\t\t\t\t\t<div class=\"elementor-button-wrapper\">\n\t\t\t\t\t<a class=\"elementor-button elementor-button-link elementor-size-sm\" href=\"https:\/\/drraulcalderon.com\/index.php\/snap-iv\/\">\n\t\t\t\t\t\t<span class=\"elementor-button-content-wrapper\">\n\t\t\t\t\t\t\t\t\t<span class=\"elementor-button-text\">SNAP - IV<\/span>\n\t\t\t\t\t<\/span>\n\t\t\t\t\t<\/a>\n\t\t\t\t<\/div>\n\t\t\t\t\t\t\t\t<\/div>\n\t\t\t\t<\/div>\n\t\t\t\t\t<\/div>\n\t\t<\/div>\n\t\t\t\t\t<\/div>\n\t\t<\/section>\n\t\t\t\t<section class=\"elementor-section elementor-top-section elementor-element elementor-element-85d7386 elementor-section-full_width elementor-section-height-default elementor-section-height-default\" data-id=\"85d7386\" data-element_type=\"section\" data-e-type=\"section\">\n\t\t\t\t\t\t<div class=\"elementor-container elementor-column-gap-no\">\n\t\t\t\t\t<div class=\"elementor-column elementor-col-100 elementor-top-column elementor-element elementor-element-c3d32bd\" data-id=\"c3d32bd\" data-element_type=\"column\" data-e-type=\"column\">\n\t\t\t<div class=\"elementor-widget-wrap elementor-element-populated\">\n\t\t\t\t\t\t<div class=\"elementor-element elementor-element-67bc7a4 elementor-widget elementor-widget-video\" data-id=\"67bc7a4\" data-element_type=\"widget\" data-e-type=\"widget\" data-settings=\"{&quot;youtube_url&quot;:&quot;https:\\\/\\\/www.youtube.com\\\/watch?v=VEKefrBE1hE&amp;ab_channel=Dr.Ra%C3%BAlCalder%C3%B3n&quot;,&quot;video_type&quot;:&quot;youtube&quot;,&quot;controls&quot;:&quot;yes&quot;}\" data-widget_type=\"video.default\">\n\t\t\t\t<div class=\"elementor-widget-container\">\n\t\t\t\t\t\t\t<div class=\"elementor-wrapper elementor-open-inline\">\n\t\t\t<div class=\"elementor-video\"><\/div>\t\t<\/div>\n\t\t\t\t\t\t<\/div>\n\t\t\t\t<\/div>\n\t\t\t\t\t<\/div>\n\t\t<\/div>\n\t\t\t\t\t<\/div>\n\t\t<\/section>\n\t\t\t\t<section class=\"elementor-section elementor-top-section elementor-element elementor-element-5626fef elementor-section-boxed elementor-section-height-default elementor-section-height-default\" data-id=\"5626fef\" data-element_type=\"section\" data-e-type=\"section\">\n\t\t\t\t\t\t<div class=\"elementor-container elementor-column-gap-default\">\n\t\t\t\t\t<div class=\"elementor-column elementor-col-100 elementor-top-column elementor-element elementor-element-514948d\" data-id=\"514948d\" data-element_type=\"column\" data-e-type=\"column\">\n\t\t\t<div class=\"elementor-widget-wrap elementor-element-populated\">\n\t\t\t\t\t\t<div class=\"elementor-element elementor-element-567d8b2 elementor-widget elementor-widget-text-editor\" data-id=\"567d8b2\" data-element_type=\"widget\" data-e-type=\"widget\" data-widget_type=\"text-editor.default\">\n\t\t\t\t<div class=\"elementor-widget-container\">\n\t\t\t\t\t\t\t\t\t<p>Es un trastorno del neurodesarrollo cerebral de origen biol\u00f3gico y con etiolog\u00eda desconocida, pero de base principalmente gen\u00e9tica. Sus s\u00edntomas comienzan en la infancia, y se caracteriza por la presencia de dificultades de atenci\u00f3n y\/o hiperactividad e impulsividad en grado inapropiado, de manera que interfiere en el funcionamiento normal del paciente.<\/p><p>\u00a0Se estima que el 3-7% de los ni\u00f1os en edad escolar presenta TDAH ; sin embargo, en algunos estudios epidemiol\u00f3gicos se estima que hasta un 10% de los ni\u00f1os podr\u00eda estar afectado. hasta el 65% de los ni\u00f1os con TDAH presenta al menos una comorbilidad, suelen empeorar en la adolescencia .<\/p>\t\t\t\t\t\t\t\t<\/div>\n\t\t\t\t<\/div>\n\t\t\t\t<div class=\"elementor-element elementor-element-6dc744d elementor-widget elementor-widget-heading\" data-id=\"6dc744d\" data-element_type=\"widget\" data-e-type=\"widget\" data-widget_type=\"heading.default\">\n\t\t\t\t<div class=\"elementor-widget-container\">\n\t\t\t\t\t<h5 class=\"elementor-heading-title elementor-size-default\">Desarrollo de autoestima<\/h5>\t\t\t\t<\/div>\n\t\t\t\t<\/div>\n\t\t\t\t<div class=\"elementor-element elementor-element-bb9b360 elementor-widget elementor-widget-text-editor\" data-id=\"bb9b360\" data-element_type=\"widget\" data-e-type=\"widget\" data-widget_type=\"text-editor.default\">\n\t\t\t\t<div class=\"elementor-widget-container\">\n\t\t\t\t\t\t\t\t\t<p style=\"text-align: center;\">Reforzadores en el hogar para ni\u00f1os de edad escolar (5-12 a\u00f1os)<\/p>\t\t\t\t\t\t\t\t<\/div>\n\t\t\t\t<\/div>\n\t\t\t\t<section class=\"elementor-section elementor-inner-section elementor-element elementor-element-4d21291 elementor-section-boxed elementor-section-height-default elementor-section-height-default\" data-id=\"4d21291\" data-element_type=\"section\" data-e-type=\"section\">\n\t\t\t\t\t\t<div class=\"elementor-container elementor-column-gap-default\">\n\t\t\t\t\t<div class=\"elementor-column elementor-col-50 elementor-inner-column elementor-element elementor-element-b87a615\" data-id=\"b87a615\" data-element_type=\"column\" data-e-type=\"column\">\n\t\t\t<div class=\"elementor-widget-wrap elementor-element-populated\">\n\t\t\t\t\t\t<div class=\"elementor-element elementor-element-137b68a elementor-widget elementor-widget-accordion\" data-id=\"137b68a\" data-element_type=\"widget\" data-e-type=\"widget\" data-widget_type=\"accordion.default\">\n\t\t\t\t<div class=\"elementor-widget-container\">\n\t\t\t\t\t\t\t<div class=\"elementor-accordion\">\n\t\t\t\t\t\t\t<div class=\"elementor-accordion-item\">\n\t\t\t\t\t<div id=\"elementor-tab-title-2041\" class=\"elementor-tab-title\" data-tab=\"1\" role=\"button\" aria-controls=\"elementor-tab-content-2041\" aria-expanded=\"false\">\n\t\t\t\t\t\t\t\t\t\t\t\t\t<span class=\"elementor-accordion-icon elementor-accordion-icon-left\" aria-hidden=\"true\">\n\t\t\t\t\t\t\t\t\t\t\t\t\t\t\t<span class=\"elementor-accordion-icon-closed\"><i class=\"fas fa-plus\"><\/i><\/span>\n\t\t\t\t\t\t\t\t<span class=\"elementor-accordion-icon-opened\"><i class=\"fas fa-minus\"><\/i><\/span>\n\t\t\t\t\t\t\t\t\t\t\t\t\t\t<\/span>\n\t\t\t\t\t\t\t\t\t\t\t\t<a class=\"elementor-accordion-title\" tabindex=\"0\">F\u00edsicos<\/a>\n\t\t\t\t\t<\/div>\n\t\t\t\t\t<div id=\"elementor-tab-content-2041\" class=\"elementor-tab-content elementor-clearfix\" data-tab=\"1\" role=\"region\" aria-labelledby=\"elementor-tab-title-2041\"><p>Abrazos, besos, chocar la mano, cerrar un ojo, hacer un gui\u00f1o, hacer un cari\u00f1o, una palmada en la espalda, una sonrisa con contacto visual, dame esos cinco, gesto facial de aprobaci\u00f3n, acariciarle el pelo, hacer una cosquilla.<\/p><\/div>\n\t\t\t\t<\/div>\n\t\t\t\t\t\t\t<div class=\"elementor-accordion-item\">\n\t\t\t\t\t<div id=\"elementor-tab-title-2042\" class=\"elementor-tab-title\" data-tab=\"2\" role=\"button\" aria-controls=\"elementor-tab-content-2042\" aria-expanded=\"false\">\n\t\t\t\t\t\t\t\t\t\t\t\t\t<span class=\"elementor-accordion-icon elementor-accordion-icon-left\" aria-hidden=\"true\">\n\t\t\t\t\t\t\t\t\t\t\t\t\t\t\t<span class=\"elementor-accordion-icon-closed\"><i class=\"fas fa-plus\"><\/i><\/span>\n\t\t\t\t\t\t\t\t<span class=\"elementor-accordion-icon-opened\"><i class=\"fas fa-minus\"><\/i><\/span>\n\t\t\t\t\t\t\t\t\t\t\t\t\t\t<\/span>\n\t\t\t\t\t\t\t\t\t\t\t\t<a class=\"elementor-accordion-title\" tabindex=\"0\">Verbales<\/a>\n\t\t\t\t\t<\/div>\n\t\t\t\t\t<div id=\"elementor-tab-content-2042\" class=\"elementor-tab-content elementor-clearfix\" data-tab=\"2\" role=\"region\" aria-labelledby=\"elementor-tab-title-2042\"><p>1.- Elogios espec\u00edficos.<br \/>2.- Elogios indirectos (decirle a alguien m\u00e1s, enfrente del ni\u00f1o, de sus logros o lo bueno que ha hecho)<br \/>3.- Palabras o frases recomendadas: \u201cMuy bien\u201d. \u201cPerfecto\u201d. \u201cBuena onda\u201d. \u201cGrandioso\u201d. \u201cBrillante\u201d. \u201cExcelente\u201d. \u201cBien dicho\u201d. \u201cCorrecto\u201d. \u201cPrecioso\u201d. \u201cAdelante\u201d. \u201cSobresaliente\u201d. \u201cSigue vas bien\u201d. \u201cFant\u00e1stico\u201d. \u201cFabuloso\u201d. \u201cQue listo\u201d. \u201cMe agrada\u201d. \u201cTe agradezco\u201d. \u201cMuchas gracias por hacerlo\u201d. \u201cQue listo eres\u201d. \u201cQu\u00e9 buena memoria tienes\u201d. \u201cQu\u00e9 bonito te ves\u201d. \u201cQu\u00e9 bien te ves\u201d. \u201cSiempre te salen las cosas bien\u201d. \u201cQue trabajador eres\u201d. \u201cQue ordenado eres\u201d. \u201cQu\u00e9 aseado eres\u201d. \u201cNunca se te olvidan las cosas\u201d. \u201cSiempre hace las cosas bien\u201d. \u201cEres el mejor\u201d. \u201cQu\u00e9 bien te sale todo\u201d. \u201cQu\u00e9 cari\u00f1oso eres\u201d. \u201cQue atento eres\u201d. \u201cSiempre tan correcto\u201d. \u201cEns\u00e9\u00f1ame c\u00f3mo le haces\u201d. \u201cTan cort\u00e9s como siempre\u201d. \u201cNadie lo pudo haber hecho mejor\u201d. \u201cDebes estar orgulloso por lo que haces\u201d. \u201cTodos estamos orgullosos de ti\u201d. \u201cCuando te propones siempre lo logras\u201d.<\/p><\/div>\n\t\t\t\t<\/div>\n\t\t\t\t\t\t\t<div class=\"elementor-accordion-item\">\n\t\t\t\t\t<div id=\"elementor-tab-title-2043\" class=\"elementor-tab-title\" data-tab=\"3\" role=\"button\" aria-controls=\"elementor-tab-content-2043\" aria-expanded=\"false\">\n\t\t\t\t\t\t\t\t\t\t\t\t\t<span class=\"elementor-accordion-icon elementor-accordion-icon-left\" aria-hidden=\"true\">\n\t\t\t\t\t\t\t\t\t\t\t\t\t\t\t<span class=\"elementor-accordion-icon-closed\"><i class=\"fas fa-plus\"><\/i><\/span>\n\t\t\t\t\t\t\t\t<span class=\"elementor-accordion-icon-opened\"><i class=\"fas fa-minus\"><\/i><\/span>\n\t\t\t\t\t\t\t\t\t\t\t\t\t\t<\/span>\n\t\t\t\t\t\t\t\t\t\t\t\t<a class=\"elementor-accordion-title\" tabindex=\"0\">Actividades<\/a>\n\t\t\t\t\t<\/div>\n\t\t\t\t\t<div id=\"elementor-tab-content-2043\" class=\"elementor-tab-content elementor-clearfix\" data-tab=\"3\" role=\"region\" aria-labelledby=\"elementor-tab-title-2043\"><p>Jugar con su pap\u00e1; cierto tiempo solos con uno de los padres; ir de compras con uno de los padres; acompa\u00f1ar a su pap\u00e1 al trabajo; ir de d\u00eda de campo; quedarse a dormir con un familiar o amigo; ayudar a uno de sus padres a realizar una actividad; salir de compras; comer fuera; ver televisi\u00f3n extra; ir al cine; salir con alg\u00fan amigo<\/p><\/div>\n\t\t\t\t<\/div>\n\t\t\t\t\t\t\t\t<\/div>\n\t\t\t\t\t\t<\/div>\n\t\t\t\t<\/div>\n\t\t\t\t\t<\/div>\n\t\t<\/div>\n\t\t\t\t<div class=\"elementor-column elementor-col-50 elementor-inner-column elementor-element elementor-element-e10a3e2\" data-id=\"e10a3e2\" data-element_type=\"column\" data-e-type=\"column\">\n\t\t\t<div class=\"elementor-widget-wrap elementor-element-populated\">\n\t\t\t\t\t\t<div class=\"elementor-element elementor-element-0e34817 elementor-widget elementor-widget-image\" data-id=\"0e34817\" data-element_type=\"widget\" data-e-type=\"widget\" data-widget_type=\"image.default\">\n\t\t\t\t<div class=\"elementor-widget-container\">\n\t\t\t\t\t\t\t\t\t\t\t\t\t\t\t<img decoding=\"async\" width=\"1024\" height=\"1024\" src=\"https:\/\/drraulcalderon.com\/wp-content\/uploads\/2023\/04\/Diseno-sin-titulo-2-1024x1024.png\" class=\"attachment-large size-large wp-image-1315\" alt=\"\" srcset=\"https:\/\/drraulcalderon.com\/wp-content\/uploads\/2023\/04\/Diseno-sin-titulo-2-1024x1024.png 1024w, https:\/\/drraulcalderon.com\/wp-content\/uploads\/2023\/04\/Diseno-sin-titulo-2-300x300.png 300w, https:\/\/drraulcalderon.com\/wp-content\/uploads\/2023\/04\/Diseno-sin-titulo-2-150x150.png 150w, https:\/\/drraulcalderon.com\/wp-content\/uploads\/2023\/04\/Diseno-sin-titulo-2-768x768.png 768w, https:\/\/drraulcalderon.com\/wp-content\/uploads\/2023\/04\/Diseno-sin-titulo-2.png 1080w\" sizes=\"(max-width: 1024px) 100vw, 1024px\" \/>\t\t\t\t\t\t\t\t\t\t\t\t\t\t\t<\/div>\n\t\t\t\t<\/div>\n\t\t\t\t\t<\/div>\n\t\t<\/div>\n\t\t\t\t\t<\/div>\n\t\t<\/section>\n\t\t\t\t<div class=\"elementor-element elementor-element-ae78e77 elementor-widget-divider--view-line elementor-widget elementor-widget-divider\" data-id=\"ae78e77\" data-element_type=\"widget\" data-e-type=\"widget\" data-widget_type=\"divider.default\">\n\t\t\t\t<div class=\"elementor-widget-container\">\n\t\t\t\t\t\t\t<div class=\"elementor-divider\">\n\t\t\t<span class=\"elementor-divider-separator\">\n\t\t\t\t\t\t<\/span>\n\t\t<\/div>\n\t\t\t\t\t\t<\/div>\n\t\t\t\t<\/div>\n\t\t\t\t<div class=\"elementor-element elementor-element-bbf3382 elementor-hidden-desktop elementor-widget elementor-widget-accordion\" data-id=\"bbf3382\" data-element_type=\"widget\" data-e-type=\"widget\" data-widget_type=\"accordion.default\">\n\t\t\t\t<div class=\"elementor-widget-container\">\n\t\t\t\t\t\t\t<div class=\"elementor-accordion\">\n\t\t\t\t\t\t\t<div class=\"elementor-accordion-item\">\n\t\t\t\t\t<div id=\"elementor-tab-title-1971\" class=\"elementor-tab-title\" data-tab=\"1\" role=\"button\" aria-controls=\"elementor-tab-content-1971\" aria-expanded=\"false\">\n\t\t\t\t\t\t\t\t\t\t\t\t\t<span class=\"elementor-accordion-icon elementor-accordion-icon-left\" aria-hidden=\"true\">\n\t\t\t\t\t\t\t\t\t\t\t\t\t\t\t<span class=\"elementor-accordion-icon-closed\"><i class=\"fas fa-plus\"><\/i><\/span>\n\t\t\t\t\t\t\t\t<span class=\"elementor-accordion-icon-opened\"><i class=\"fas fa-minus\"><\/i><\/span>\n\t\t\t\t\t\t\t\t\t\t\t\t\t\t<\/span>\n\t\t\t\t\t\t\t\t\t\t\t\t<a class=\"elementor-accordion-title\" tabindex=\"0\">Negativista Desafiante<\/a>\n\t\t\t\t\t<\/div>\n\t\t\t\t\t<div id=\"elementor-tab-content-1971\" class=\"elementor-tab-content elementor-clearfix\" data-tab=\"1\" role=\"region\" aria-labelledby=\"elementor-tab-title-1971\"><p>Un patr\u00f3n de enfado\/irritabilidad, discusiones\/actitud desafiante o vengativa que dura por lo menos seis meses, que se manifiesta por lo menos con cuatro s\u00edntomas de cualquiera de las siguientes y que se exhibe durante la interacci\u00f3n por lo menos con un individuo que no sea un hermano.<br \/><strong>Enfado\/irritabilidad<\/strong><br \/>1. A menudo pierde la calma.<br \/>2. A menudo est\u00e1 susceptible o se molesta con facilidad.<br \/>3. A menudo est\u00e1 enfadado y resentido.<\/p><p><strong>Discusiones\/actitud desafiante\u200b<\/strong><br \/>4. Discute a menudo con la autoridad o con los adultos, en el caso de los ni\u00f1os y los adolescentes.<br \/>5. A menudo desaf\u00eda activamente o rechaza satisfacer la petici\u00f3n por parte de figuras de autoridad o normas.<br \/>6. A menudo molesta a los dem\u00e1s deliberadamente.<br \/>7. A menudo culpa a los dem\u00e1s por sus errores o su mal comportamiento.\u200b<\/p><p><strong>Vengativo<\/strong><br \/>8. Ha sido rencoroso o vengativo por lo menos dos veces en los \u00faltimos seis meses.\u200b<\/p><p><strong>Nota:<\/strong>Se debe considerar la persistencia y la frecuencia de estos comportamientos para distinguir los que se consideren dentro de los l\u00edmites normales, de los sintom\u00e1ticos. En los ni\u00f1os de\u00a0<u>menos de cinco a\u00f1os<\/u>\u00a0el comportamiento debe aparecer casi todos los d\u00edas durante un periodo, de seis meses por lo menos, a menos que se observe otra cosa\u00a0\u00a0<strong>(Criterio A8)<\/strong>\u00a0 En los ni\u00f1os de\u00a0<u>cinco a\u00f1os o m\u00e1s<\/u>, el comportamiento debe aparecer por lo menos una vez por semana durante al menos 6 meses, a menos que se observe otra cosa\u00a0<strong>(Criterio A8).<\/strong>\u00a0Si bien estos criterios de frecuencia se consideran el grado m\u00ednimo orientativo para definir los s\u00edntomas, tambi\u00e9n se deben tener en cuenta otros factores, por ejemplo, si la frecuencia y la intensidad de los comportamientos rebasan los l\u00edmites de lo normal para el grado de desarrollo del individuo, su sexo y su cultura.<\/p><p><strong>B<\/strong>. Este trastorno del comportamiento va asociado a un malestar en el individuo o en otras personas de su entorno social inmediato ( es decir, familia, grupo de amigos, compa\u00f1eros de trabajo) o tiene un impacto negativo en las \u00e1reas social, educativa, profesional u otras importantes.\u00a0<\/p><p><strong>C<\/strong>. Los comportamientos no aparecen exclusivamente en el transcurso de un trastorno psic\u00f3tico, un trastorno por consumo de sustancias, un trastorno depresivo o uno bipolar. Adem\u00e1s, no se cumplen los criterios de un trastorno de desregulaci\u00f3n disruptiva del estado de \u00e1nimo.<\/p><p>Especificar la gravedad actual:<\/p><ul><li><strong>Leve:\u00a0<\/strong>Los s\u00edntomas se limitan a un entorno ( p. ej., en casa, en la escuela, en el trabajo, con los compa\u00f1eros).<\/li><li><strong>Moderado:<\/strong>\u00a0Algunos s\u00edntomas aparecen en dos entornos por lo menos.<\/li><li><strong>Grave:<\/strong>\u00a0Algunos s\u00edntomas aparecen en tres o m\u00e1s entornos.<\/li><\/ul><\/div>\n\t\t\t\t<\/div>\n\t\t\t\t\t\t\t<div class=\"elementor-accordion-item\">\n\t\t\t\t\t<div id=\"elementor-tab-title-1972\" class=\"elementor-tab-title\" data-tab=\"2\" role=\"button\" aria-controls=\"elementor-tab-content-1972\" aria-expanded=\"false\">\n\t\t\t\t\t\t\t\t\t\t\t\t\t<span class=\"elementor-accordion-icon elementor-accordion-icon-left\" aria-hidden=\"true\">\n\t\t\t\t\t\t\t\t\t\t\t\t\t\t\t<span class=\"elementor-accordion-icon-closed\"><i class=\"fas fa-plus\"><\/i><\/span>\n\t\t\t\t\t\t\t\t<span class=\"elementor-accordion-icon-opened\"><i class=\"fas fa-minus\"><\/i><\/span>\n\t\t\t\t\t\t\t\t\t\t\t\t\t\t<\/span>\n\t\t\t\t\t\t\t\t\t\t\t\t<a class=\"elementor-accordion-title\" tabindex=\"0\">Explosivo Intermitente<\/a>\n\t\t\t\t\t<\/div>\n\t\t\t\t\t<div id=\"elementor-tab-content-1972\" class=\"elementor-tab-content elementor-clearfix\" data-tab=\"2\" role=\"region\" aria-labelledby=\"elementor-tab-title-1972\"><ol><li>Arrebatos recurrentes en el comportamiento que reflejan una falta de control de los impulsos de agresividad, manifestada por una de las siguientes:<\/li><\/ol><ol><li>Agresi\u00f3n verbal ( p. ej., berrinches, diatribas, disputas verbales o peleas) o agresi\u00f3n f\u00edsica\u00a0contra la propiedad, los animales u otros individuos, en promedio dos veces por semana, durante un per\u00edodo de tres meses. La agresi\u00f3n f\u00edsica no provoca da\u00f1os ni\u00a0destrucci\u00f3n de la propiedad, ni provoca lesiones f\u00edsicas a los animales\u00a0ni\u00a0a otros individuos.<\/li><li>\u200bLa magnitud de la agresividad expresada durante los arrebatos recurrentes es bastante desproporcionada con respecto a la provocaci\u00f3n o cualquier factor estresante psicosocial desencadenante.\u200b\u200b<\/li><\/ol><ol><li>La magnitud de la agresividad expresada durante los arrebatos recurrentes es bastante desproporcionada con respecto a la provocaci\u00f3n o cualquier factor estresante psicosocial desencadenante.<br \/><strong>C.<\/strong>Los arrebatos agresivos recurrentes no son premeditados ( es decir, son impulsivos o provocados por la ira) ni persiguen ning\u00fan objetivo tangible ( p. ej., dinero, poder, intimidaci\u00f3n).<br \/><strong>D.<\/strong>\u00a0Los arrebatos agresivos recurrentes provocan un marcado malestar en el individuo, alteran su rendimiento laboral o sus relaciones interpersonales, o tienen consecuencias econ\u00f3micas o legales.<br \/><strong>E.<\/strong>\u00a0El individuo tiene una edad cronol\u00f3gica de seis a\u00f1os por lo menos ( o un grado de desarrollo equivalente).<br \/>\u200b<strong>F.<\/strong>\u00a0Los arrebatos agresivos recurrentes no se explican mejor por otro trastorno mental (p.ej., trastorno depresivo mayor, trastorno bipolar, trastorno de desregulaci\u00f3n disruptiva del estado de \u00e1nimo, trastorno psic\u00f3tico, trastorno de la personalidad antisocial, trastorno de personalidad l\u00edmite), ni se pueden atribuir a otra afecci\u00f3n m\u00e9dica (p-ej., traumatismo craneoencef\u00e1lico, enfermedad de Alzheimer), ni a los efectos fisiol\u00f3gicos de alguna sustancia (p. ej.,drogadicci\u00f3n, medicaci\u00f3n). En los ni\u00f1os de edades comprendidas entre 6 y 18 a\u00f1os, a un comportamiento agresivo que forma parte de un trastorno de adaptaci\u00f3n no se le debe asignar este diagn\u00f3stico.<br \/><strong>Nota<\/strong>:\u00a0Este diagn\u00f3stico se puede establecer adem\u00e1s del diagn\u00f3stico\u00a0de trastorno por d\u00e9ficit de atenci\u00f3n\/hiperactividad, trastorno de conducta, trastorno negativista desafiante o trastorno del espectro autista, cuando los arrebatos agresivos impulsivos recurrentes superen a los que habitualmente se observan en los trastornos y requieran atenci\u00f3n cl\u00ednica independiente<\/li><\/ol><\/div>\n\t\t\t\t<\/div>\n\t\t\t\t\t\t\t<div class=\"elementor-accordion-item\">\n\t\t\t\t\t<div id=\"elementor-tab-title-1973\" class=\"elementor-tab-title\" data-tab=\"3\" role=\"button\" aria-controls=\"elementor-tab-content-1973\" aria-expanded=\"false\">\n\t\t\t\t\t\t\t\t\t\t\t\t\t<span class=\"elementor-accordion-icon elementor-accordion-icon-left\" aria-hidden=\"true\">\n\t\t\t\t\t\t\t\t\t\t\t\t\t\t\t<span class=\"elementor-accordion-icon-closed\"><i class=\"fas fa-plus\"><\/i><\/span>\n\t\t\t\t\t\t\t\t<span class=\"elementor-accordion-icon-opened\"><i class=\"fas fa-minus\"><\/i><\/span>\n\t\t\t\t\t\t\t\t\t\t\t\t\t\t<\/span>\n\t\t\t\t\t\t\t\t\t\t\t\t<a class=\"elementor-accordion-title\" tabindex=\"0\">Recomendaciones<\/a>\n\t\t\t\t\t<\/div>\n\t\t\t\t\t<div id=\"elementor-tab-content-1973\" class=\"elementor-tab-content elementor-clearfix\" data-tab=\"3\" role=\"region\" aria-labelledby=\"elementor-tab-title-1973\"><p><strong>Recomendaciones para guiar a tu hijo con TDAH:<\/strong><\/p><ul><li><span style=\"color: #2a2a2a;\">\u200bElogia sus actitudes positivas para que las mantenga.<\/span><\/li><li>Evita dar \u00f3rdenes severas o de mal modo.<\/li><li>Establezcan rutinas de actividades por la ma\u00f1ana y la noche.<\/li><li>Mant\u00e9n a tu hijo ocupado con actividades programadas que procuren no sobresaturarlo.<\/li><li>Realicen juegos que involucren escuchar y poner atenci\u00f3n.<\/li><li>Al realizar una actividad, h\u00e1ganlo paso a paso.<\/li><li>Motiva su planeaci\u00f3n frecuentemente: Utilicen calendarios, agendas, listas de actividades y tablas.<\/li><li>Mantengan las cosas ordenadas<\/li><li>Acost\u00fambralo a preparar desde el d\u00eda anterior la ropa, el uniforme escolar, los \u00fatiles para el d\u00eda siguiente.<\/li><li>Antes de acostarse, realicen actividades relajantes; como escuchar m\u00fasica suave.<\/li><li>Asigna a tu hijo un espacio espec\u00edfico regular, con ambiente tranquilo y silencioso para realizar su tarea.<\/li><li>Es importante que tenga suficientes horas de sue\u00f1o.<\/li><li>Dale el tiempo necesario para realizar cada una de las tareas.<\/li><li>Hagan algunos recesos regulares entre asignaciones.<\/li><li>Encuentra con tu hijo el deporte que m\u00e1s le guste ( puede ser grupal o individual, pero con mucha acci\u00f3n)<\/li><li>A tu hijo le beneficiara pasar tiempo en lugares con extensas \u00e1reas verdes.<\/li><li>Evita que salte comidas.<\/li><\/ul><\/div>\n\t\t\t\t<\/div>\n\t\t\t\t\t\t\t\t<\/div>\n\t\t\t\t\t\t<\/div>\n\t\t\t\t<\/div>\n\t\t\t\t<div class=\"elementor-element elementor-element-27e115d elementor-hidden-tablet elementor-hidden-mobile elementor-tabs-view-horizontal elementor-widget elementor-widget-tabs\" data-id=\"27e115d\" data-element_type=\"widget\" data-e-type=\"widget\" data-widget_type=\"tabs.default\">\n\t\t\t\t<div class=\"elementor-widget-container\">\n\t\t\t\t\t\t\t<div class=\"elementor-tabs\">\n\t\t\t<div class=\"elementor-tabs-wrapper\" role=\"tablist\" >\n\t\t\t\t\t\t\t\t\t<div id=\"elementor-tab-title-4181\" class=\"elementor-tab-title elementor-tab-desktop-title\" aria-selected=\"true\" data-tab=\"1\" role=\"tab\" tabindex=\"0\" aria-controls=\"elementor-tab-content-4181\" aria-expanded=\"false\">Negativista Desafiante<\/div>\n\t\t\t\t\t\t\t\t\t<div id=\"elementor-tab-title-4182\" class=\"elementor-tab-title elementor-tab-desktop-title\" aria-selected=\"false\" data-tab=\"2\" role=\"tab\" tabindex=\"-1\" aria-controls=\"elementor-tab-content-4182\" aria-expanded=\"false\">Explosivo Intermitente<\/div>\n\t\t\t\t\t\t\t\t\t<div id=\"elementor-tab-title-4183\" class=\"elementor-tab-title elementor-tab-desktop-title\" aria-selected=\"false\" data-tab=\"3\" role=\"tab\" tabindex=\"-1\" aria-controls=\"elementor-tab-content-4183\" aria-expanded=\"false\">Recomendaciones<\/div>\n\t\t\t\t\t\t\t<\/div>\n\t\t\t<div class=\"elementor-tabs-content-wrapper\" role=\"tablist\" aria-orientation=\"vertical\">\n\t\t\t\t\t\t\t\t\t<div class=\"elementor-tab-title elementor-tab-mobile-title\" aria-selected=\"true\" data-tab=\"1\" role=\"tab\" tabindex=\"0\" aria-controls=\"elementor-tab-content-4181\" aria-expanded=\"false\">Negativista Desafiante<\/div>\n\t\t\t\t\t<div id=\"elementor-tab-content-4181\" class=\"elementor-tab-content elementor-clearfix\" data-tab=\"1\" role=\"tabpanel\" aria-labelledby=\"elementor-tab-title-4181\" tabindex=\"0\" hidden=\"false\"><ol><li>Un patr\u00f3n de enfado\/irritabilidad, discusiones\/actitud desafiante o vengativa que dura por lo menos seis meses, que se manifiesta por lo menos con cuatro s\u00edntomas de cualquiera de las siguientes y que se exhibe durante la interacci\u00f3n por lo menos con un individuo que no sea un hermano.<br \/><strong>Enfado\/irritabilidad<\/strong><br \/>1. A menudo pierde la calma.<br \/>2. A menudo est\u00e1 susceptible o se molesta con facilidad.<br \/>3. A menudo est\u00e1 enfadado y resentido.<p><strong>Discusiones\/actitud desafiante\u200b<\/strong><br \/>4. Discute a menudo con la autoridad o con los adultos, en el caso de los ni\u00f1os y los adolescentes.<br \/>5. A menudo desaf\u00eda activamente o rechaza satisfacer la petici\u00f3n por parte de figuras de autoridad o normas.<br \/>6. A menudo molesta a los dem\u00e1s deliberadamente.<br \/>7. A menudo culpa a los dem\u00e1s por sus errores o su mal comportamiento.\u200b<\/p><p><strong>Vengativo<\/strong><br \/>8. Ha sido rencoroso o vengativo por lo menos dos veces en los \u00faltimos seis meses.\u200b<\/p><p><strong>Nota:<\/strong>Se debe considerar la persistencia y la frecuencia de estos comportamientos para distinguir los que se consideren dentro de los l\u00edmites normales, de los sintom\u00e1ticos. En los ni\u00f1os de\u00a0<u>menos de cinco a\u00f1os<\/u>\u00a0el comportamiento debe aparecer casi todos los d\u00edas durante un periodo, de seis meses por lo menos, a menos que se observe otra cosa\u00a0\u00a0<strong>(Criterio A8)<\/strong>\u00a0 En los ni\u00f1os de\u00a0<u>cinco a\u00f1os o m\u00e1s<\/u>, el comportamiento debe aparecer por lo menos una vez por semana durante al menos 6 meses, a menos que se observe otra cosa\u00a0<strong>(Criterio A8).<\/strong>\u00a0Si bien estos criterios de frecuencia se consideran el grado m\u00ednimo orientativo para definir los s\u00edntomas, tambi\u00e9n se deben tener en cuenta otros factores, por ejemplo, si la frecuencia y la intensidad de los comportamientos rebasan los l\u00edmites de lo normal para el grado de desarrollo del individuo, su sexo y su cultura.<\/p><p><strong>B<\/strong>. Este trastorno del comportamiento va asociado a un malestar en el individuo o en otras personas de su entorno social inmediato ( es decir, familia, grupo de amigos, compa\u00f1eros de trabajo) o tiene un impacto negativo en las \u00e1reas social, educativa, profesional u otras importantes.\u00a0<\/p><p><strong>C<\/strong>. Los comportamientos no aparecen exclusivamente en el transcurso de un trastorno psic\u00f3tico, un trastorno por consumo de sustancias, un trastorno depresivo o uno bipolar. Adem\u00e1s, no se cumplen los criterios de un trastorno de desregulaci\u00f3n disruptiva del estado de \u00e1nimo.<\/p><p>Especificar la gravedad actual:<\/p><\/li><\/ol><ul><li><strong>Leve:\u00a0<\/strong>Los s\u00edntomas se limitan a un entorno ( p. ej., en casa, en la escuela, en el trabajo, con los compa\u00f1eros).<\/li><li><strong>Moderado:<\/strong>\u00a0Algunos s\u00edntomas aparecen en dos entornos por lo menos.<\/li><li><strong>Grave:<\/strong>\u00a0Algunos s\u00edntomas aparecen en tres o m\u00e1s entornos.<\/li><\/ul><\/div>\n\t\t\t\t\t\t\t\t\t<div class=\"elementor-tab-title elementor-tab-mobile-title\" aria-selected=\"false\" data-tab=\"2\" role=\"tab\" tabindex=\"-1\" aria-controls=\"elementor-tab-content-4182\" aria-expanded=\"false\">Explosivo Intermitente<\/div>\n\t\t\t\t\t<div id=\"elementor-tab-content-4182\" class=\"elementor-tab-content elementor-clearfix\" data-tab=\"2\" role=\"tabpanel\" aria-labelledby=\"elementor-tab-title-4182\" tabindex=\"0\" hidden=\"hidden\"><ol><li>Arrebatos recurrentes en el comportamiento que reflejan una falta de control de los impulsos de agresividad, manifestada por una de las siguientes:<\/li><\/ol><ol><li>Agresi\u00f3n verbal ( p. ej., berrinches, diatribas, disputas verbales o peleas) o agresi\u00f3n f\u00edsica\u00a0contra la propiedad, los animales u otros individuos, en promedio dos veces por semana, durante un per\u00edodo de tres meses. La agresi\u00f3n f\u00edsica no provoca da\u00f1os ni\u00a0destrucci\u00f3n de la propiedad, ni provoca lesiones f\u00edsicas a los animales\u00a0ni\u00a0a otros individuos.<\/li><li>\u200bLa magnitud de la agresividad expresada durante los arrebatos recurrentes es bastante desproporcionada con respecto a la provocaci\u00f3n o cualquier factor estresante psicosocial desencadenante.\u200b\u200b<\/li><\/ol><ol><li>La magnitud de la agresividad expresada durante los arrebatos recurrentes es bastante desproporcionada con respecto a la provocaci\u00f3n o cualquier factor estresante psicosocial desencadenante.<br \/><strong>C.<\/strong>Los arrebatos agresivos recurrentes no son premeditados ( es decir, son impulsivos o provocados por la ira) ni persiguen ning\u00fan objetivo tangible ( p. ej., dinero, poder, intimidaci\u00f3n).<br \/><strong>D.<\/strong>\u00a0Los arrebatos agresivos recurrentes provocan un marcado malestar en el individuo, alteran su rendimiento laboral o sus relaciones interpersonales, o tienen consecuencias econ\u00f3micas o legales.<br \/><strong>E.<\/strong>\u00a0El individuo tiene una edad cronol\u00f3gica de seis a\u00f1os por lo menos ( o un grado de desarrollo equivalente).<br \/>\u200b<strong>F.<\/strong>\u00a0Los arrebatos agresivos recurrentes no se explican mejor por otro trastorno mental (p.ej., trastorno depresivo mayor, trastorno bipolar, trastorno de desregulaci\u00f3n disruptiva del estado de \u00e1nimo, trastorno psic\u00f3tico, trastorno de la personalidad antisocial, trastorno de personalidad l\u00edmite), ni se pueden atribuir a otra afecci\u00f3n m\u00e9dica (p-ej., traumatismo craneoencef\u00e1lico, enfermedad de Alzheimer), ni a los efectos fisiol\u00f3gicos de alguna sustancia (p. ej.,drogadicci\u00f3n, medicaci\u00f3n). En los ni\u00f1os de edades comprendidas entre 6 y 18 a\u00f1os, a un comportamiento agresivo que forma parte de un trastorno de adaptaci\u00f3n no se le debe asignar este diagn\u00f3stico.<br \/><strong>Nota<\/strong>:\u00a0Este diagn\u00f3stico se puede establecer adem\u00e1s del diagn\u00f3stico\u00a0de trastorno por d\u00e9ficit de atenci\u00f3n\/hiperactividad, trastorno de conducta, trastorno negativista desafiante o trastorno del espectro autista, cuando los arrebatos agresivos impulsivos recurrentes superen a los que habitualmente se observan en los trastornos y requieran atenci\u00f3n cl\u00ednica independiente<\/li><\/ol><\/div>\n\t\t\t\t\t\t\t\t\t<div class=\"elementor-tab-title elementor-tab-mobile-title\" aria-selected=\"false\" data-tab=\"3\" role=\"tab\" tabindex=\"-1\" aria-controls=\"elementor-tab-content-4183\" aria-expanded=\"false\">Recomendaciones<\/div>\n\t\t\t\t\t<div id=\"elementor-tab-content-4183\" class=\"elementor-tab-content elementor-clearfix\" data-tab=\"3\" role=\"tabpanel\" aria-labelledby=\"elementor-tab-title-4183\" tabindex=\"0\" hidden=\"hidden\"><p><strong>Recomendaciones para guiar a tu hijo con TDAH:<\/strong><\/p><ul><li><span style=\"color: #2a2a2a;\">\u200bElogia sus actitudes positivas para que las mantenga.<\/span><\/li><li>Evita dar \u00f3rdenes severas o de mal modo.<\/li><li>Establezcan rutinas de actividades por la ma\u00f1ana y la noche.<\/li><li>Mant\u00e9n a tu hijo ocupado con actividades programadas que procuren no sobresaturarlo.<\/li><li>Realicen juegos que involucren escuchar y poner atenci\u00f3n.<\/li><li>Al realizar una actividad, h\u00e1ganlo paso a paso.<\/li><li>Motiva su planeaci\u00f3n frecuentemente: Utilicen calendarios, agendas, listas de actividades y tablas.<\/li><li>Mantengan las cosas ordenadas<\/li><li>Acost\u00fambralo a preparar desde el d\u00eda anterior la ropa, el uniforme escolar, los \u00fatiles para el d\u00eda siguiente.<\/li><li>Antes de acostarse, realicen actividades relajantes; como escuchar m\u00fasica suave.<\/li><li>Asigna a tu hijo un espacio espec\u00edfico regular, con ambiente tranquilo y silencioso para realizar su tarea.<\/li><li>Es importante que tenga suficientes horas de sue\u00f1o.<\/li><li>Dale el tiempo necesario para realizar cada una de las tareas.<\/li><li>Hagan algunos recesos regulares entre asignaciones.<\/li><li>Encuentra con tu hijo el deporte que m\u00e1s le guste ( puede ser grupal o individual, pero con mucha acci\u00f3n)<\/li><li>A tu hijo le beneficiara pasar tiempo en lugares con extensas \u00e1reas verdes.<\/li><li>Evita que salte comidas.<\/li><\/ul><\/div>\n\t\t\t\t\t\t\t<\/div>\n\t\t<\/div>\n\t\t\t\t\t\t<\/div>\n\t\t\t\t<\/div>\n\t\t\t\t\t<\/div>\n\t\t<\/div>\n\t\t\t\t\t<\/div>\n\t\t<\/section>\n\t\t\t\t<section class=\"elementor-section elementor-top-section elementor-element elementor-element-8df5a52 elementor-section-boxed elementor-section-height-default elementor-section-height-default\" data-id=\"8df5a52\" data-element_type=\"section\" data-e-type=\"section\">\n\t\t\t\t\t\t<div class=\"elementor-container elementor-column-gap-default\">\n\t\t\t\t\t<div class=\"elementor-column elementor-col-100 elementor-top-column elementor-element elementor-element-f3ae994\" data-id=\"f3ae994\" data-element_type=\"column\" data-e-type=\"column\">\n\t\t\t<div class=\"elementor-widget-wrap elementor-element-populated\">\n\t\t\t\t\t\t<div class=\"elementor-element elementor-element-185e215 elementor-widget elementor-widget-spacer\" data-id=\"185e215\" data-element_type=\"widget\" data-e-type=\"widget\" data-widget_type=\"spacer.default\">\n\t\t\t\t<div class=\"elementor-widget-container\">\n\t\t\t\t\t\t\t<div class=\"elementor-spacer\">\n\t\t\t<div class=\"elementor-spacer-inner\"><\/div>\n\t\t<\/div>\n\t\t\t\t\t\t<\/div>\n\t\t\t\t<\/div>\n\t\t\t\t<div class=\"elementor-element elementor-element-51166e5 elementor-widget elementor-widget-html\" data-id=\"51166e5\" data-element_type=\"widget\" data-e-type=\"widget\" data-widget_type=\"html.default\">\n\t\t\t\t<div class=\"elementor-widget-container\">\n\t\t\t\t\t<iframe width=\"560\" height=\"715\" src=\"https:\/\/www.youtube.com\/embed\/O5-hFF3nri8?si=eM7hRAWMAsyZMjag\" title=\"YouTube video player\" frameborder=\"0\" allow=\"accelerometer; autoplay; clipboard-write; encrypted-media; gyroscope; picture-in-picture; web-share\" allowfullscreen><\/iframe>\t\t\t\t<\/div>\n\t\t\t\t<\/div>\n\t\t\t\t\t<\/div>\n\t\t<\/div>\n\t\t\t\t\t<\/div>\n\t\t<\/section>\n\t\t\t\t<section class=\"elementor-section elementor-top-section elementor-element elementor-element-14106d7 elementor-section-boxed elementor-section-height-default elementor-section-height-default\" data-id=\"14106d7\" data-element_type=\"section\" data-e-type=\"section\">\n\t\t\t\t\t\t\t<div class=\"elementor-background-overlay\"><\/div>\n\t\t\t\t\t\t\t<div class=\"elementor-container elementor-column-gap-no\">\n\t\t\t\t\t<div class=\"elementor-column elementor-col-100 elementor-top-column elementor-element elementor-element-c3eb820\" data-id=\"c3eb820\" data-element_type=\"column\" data-e-type=\"column\">\n\t\t\t<div class=\"elementor-widget-wrap elementor-element-populated\">\n\t\t\t\t\t\t<section class=\"elementor-section elementor-inner-section elementor-element elementor-element-7b5880d elementor-section-boxed elementor-section-height-default elementor-section-height-default\" data-id=\"7b5880d\" data-element_type=\"section\" data-e-type=\"section\">\n\t\t\t\t\t\t<div class=\"elementor-container elementor-column-gap-no\">\n\t\t\t\t\t<div class=\"elementor-column elementor-col-50 elementor-inner-column elementor-element elementor-element-56a19f6\" data-id=\"56a19f6\" data-element_type=\"column\" data-e-type=\"column\">\n\t\t\t<div class=\"elementor-widget-wrap elementor-element-populated\">\n\t\t\t\t\t\t<div class=\"elementor-element elementor-element-1eb4476 elementor-widget elementor-widget-heading\" data-id=\"1eb4476\" data-element_type=\"widget\" data-e-type=\"widget\" data-widget_type=\"heading.default\">\n\t\t\t\t<div class=\"elementor-widget-container\">\n\t\t\t\t\t<h3 class=\"elementor-heading-title elementor-size-default\">Instagram<\/h3>\t\t\t\t<\/div>\n\t\t\t\t<\/div>\n\t\t\t\t\t<\/div>\n\t\t<\/div>\n\t\t\t\t<div class=\"elementor-column elementor-col-50 elementor-inner-column elementor-element elementor-element-f86e7fa\" data-id=\"f86e7fa\" data-element_type=\"column\" data-e-type=\"column\">\n\t\t\t<div class=\"elementor-widget-wrap elementor-element-populated\">\n\t\t\t\t\t\t<div class=\"elementor-element elementor-element-aed558b elementor-align-right elementor-mobile-align-center elementor-widget elementor-widget-button\" data-id=\"aed558b\" data-element_type=\"widget\" data-e-type=\"widget\" data-widget_type=\"button.default\">\n\t\t\t\t<div class=\"elementor-widget-container\">\n\t\t\t\t\t\t\t\t\t<div class=\"elementor-button-wrapper\">\n\t\t\t\t\t<a class=\"elementor-button elementor-button-link elementor-size-sm\" href=\"https:\/\/www.instagram.com\/dr_raul_calderon\/\">\n\t\t\t\t\t\t<span class=\"elementor-button-content-wrapper\">\n\t\t\t\t\t\t<span class=\"elementor-button-icon\">\n\t\t\t\t<i aria-hidden=\"true\" class=\"fas fa-external-link-alt\"><\/i>\t\t\t<\/span>\n\t\t\t\t\t\t\t\t\t<span class=\"elementor-button-text\">@dr_raul_calderon<\/span>\n\t\t\t\t\t<\/span>\n\t\t\t\t\t<\/a>\n\t\t\t\t<\/div>\n\t\t\t\t\t\t\t\t<\/div>\n\t\t\t\t<\/div>\n\t\t\t\t\t<\/div>\n\t\t<\/div>\n\t\t\t\t\t<\/div>\n\t\t<\/section>\n\t\t\t\t<div class=\"elementor-element elementor-element-955b6d2 elementor-widget elementor-widget-html\" data-id=\"955b6d2\" data-element_type=\"widget\" data-e-type=\"widget\" data-widget_type=\"html.default\">\n\t\t\t\t<div class=\"elementor-widget-container\">\n\t\t\t\t\t\t\t\t<style>\r\n\t\t\t\t\t#insta-gallery-feed-0 .insta-gallery-list .insta-gallery-item .insta-gallery-image-wrap .insta-gallery-image-mask {background-color: #000000;}\t\t\t<\/style>\r\n\t\t\t<div id=\"insta-gallery-feed-0\" class=\"insta-gallery-feed insta-gallery-square\" data-feed=\"{&quot;id&quot;:0,&quot;order&quot;:1,&quot;username&quot;:&quot;17841455749801896&quot;,&quot;type&quot;:&quot;username&quot;,&quot;tag&quot;:&quot;wordpress&quot;,&quot;order_by&quot;:&quot;top_media&quot;,&quot;layout&quot;:&quot;carousel&quot;,&quot;limit&quot;:&quot;12&quot;,&quot;columns&quot;:&quot;3&quot;,&quot;resolution&quot;:&quot;standard&quot;,&quot;lazy&quot;:false,&quot;spacing&quot;:5,&quot;highlight&quot;:[&quot;1&quot;,&quot;3&quot;,&quot;5&quot;],&quot;profile&quot;:{&quot;id&quot;:17841455749801896,&quot;username&quot;:&quot;&quot;,&quot;website&quot;:&quot;&quot;,&quot;biography&quot;:&quot;&quot;,&quot;name&quot;:&quot;&quot;,&quot;followers_count&quot;:0,&quot;media_count&quot;:0,&quot;profile_picture_url&quot;:&quot;http:\\\/\\\/2.gravatar.com\\\/avatar\\\/b642b4217b34b1e8d3bd915fc65c4452?s=320&amp;d=mm&amp;r=g&quot;,&quot;link&quot;:&quot;&quot;,&quot;error&quot;:1,&quot;message&quot;:&quot;Error validating access token: Session has expired on Saturday, 04-Nov-23 03:14:39 PDT. The current time is Tuesday, 28-Apr-26 07:07:01 PDT.&quot;},&quot;box&quot;:{&quot;display&quot;:false,&quot;padding&quot;:&quot;1&quot;,&quot;radius&quot;:&quot;0&quot;,&quot;background&quot;:&quot;#fefefe&quot;,&quot;profile&quot;:false,&quot;desc&quot;:&quot;&quot;,&quot;color_text&quot;:&quot;#000000&quot;},&quot;mask&quot;:{&quot;display&quot;:true,&quot;background&quot;:&quot;#000000&quot;,&quot;likes&quot;:true,&quot;comments&quot;:true},&quot;card&quot;:{&quot;display&quot;:false,&quot;radius&quot;:&quot;1&quot;,&quot;font_size&quot;:&quot;12&quot;,&quot;background&quot;:&quot;#ffffff&quot;,&quot;text_color&quot;:&quot;#000000&quot;,&quot;padding&quot;:&quot;5&quot;,&quot;info&quot;:true,&quot;length&quot;:&quot;10&quot;,&quot;caption&quot;:true},&quot;carousel&quot;:{&quot;slidespv&quot;:&quot;5&quot;,&quot;autoplay&quot;:false,&quot;autoplay_interval&quot;:&quot;3000&quot;,&quot;navarrows&quot;:true,&quot;navarrows_color&quot;:&quot;&quot;,&quot;pagination&quot;:true,&quot;pagination_color&quot;:&quot;&quot;},&quot;popup&quot;:{&quot;display&quot;:true,&quot;profile&quot;:false,&quot;caption&quot;:false,&quot;likes&quot;:false,&quot;comments&quot;:false,&quot;align&quot;:&quot;bottom&quot;},&quot;button&quot;:{&quot;display&quot;:true,&quot;text&quot;:&quot;View on Instagram&quot;,&quot;background&quot;:&quot;&quot;,&quot;background_hover&quot;:&quot;&quot;},&quot;button_load&quot;:{&quot;display&quot;:false,&quot;text&quot;:&quot;Load more...&quot;,&quot;background&quot;:&quot;&quot;,&quot;background_hover&quot;:&quot;&quot;},&quot;panel&quot;:&quot;tab_panel_feed&quot;,&quot;insta_layout&quot;:&quot;carousel&quot;,&quot;insta_box&quot;:false,&quot;insta_box-padding&quot;:&quot;1&quot;,&quot;insta_box-radius&quot;:&quot;0&quot;,&quot;insta_box-background&quot;:&quot;#fefefe&quot;,&quot;insta_box-profile&quot;:false,&quot;insta_box-desc&quot;:&quot;&quot;,&quot;insta_box-color-text&quot;:&quot;#000000&quot;,&quot;insta_button_load&quot;:false,&quot;insta_button_load-background-hover&quot;:&quot;&quot;,&quot;insta_button_load-background&quot;:&quot;&quot;,&quot;insta_button_load-text&quot;:&quot;Load more...&quot;,&quot;insta_button&quot;:true,&quot;insta_button-background-hover&quot;:&quot;&quot;,&quot;insta_button-background&quot;:&quot;&quot;,&quot;insta_button-text&quot;:&quot;View on Instagram&quot;,&quot;insta_card&quot;:false,&quot;insta_card-font-size&quot;:&quot;12&quot;,&quot;insta_card-color-text&quot;:&quot;#000000&quot;,&quot;insta_card-padding&quot;:&quot;5&quot;,&quot;insta_card-radius&quot;:&quot;1&quot;,&quot;insta_card-background&quot;:&quot;#ffffff&quot;}\" data-feed_layout=\"carousel\">\r\n    <div class=\"swiper-container\">\r\n    <div class=\"insta-gallery-list swiper-wrapper\">\r\n    <\/div>\r\n          <div class=\"swiper-pagination\"><\/div>\r\n              <div class=\"swiper-button-prev\">\r\n        <i class=\"qligg-icon-prev\"><\/i>\r\n      <\/div>\r\n      <div class=\"swiper-button-next\">\r\n        <i class=\"qligg-icon-next\"><\/i>\r\n      <\/div>\r\n        <div class=\"insta-gallery-spinner\"><\/div>  <\/div>\r\n    <div class=\"insta-gallery-actions\">\r\n    <a href=\"https:\/\/www.instagram.com\/\" target=\"blank\" class=\"insta-gallery-button follow\"><i class=\"qligg-icon-instagram-o\"><\/i>View on Instagram<\/a>\r\n  <\/div>\r\n <\/div>\t\t\t\t<\/div>\n\t\t\t\t<\/div>\n\t\t\t\t\t<\/div>\n\t\t<\/div>\n\t\t\t\t\t<\/div>\n\t\t<\/section>\n\t\t\t\t<\/div>\n\t\t","protected":false},"excerpt":{"rendered":"<p>D\u00e9ficit de Atenci\u00f3n e Hiperactividad (TDAH) Es un trastorno del neurodesarrollo cerebral de origen biol\u00f3gico y con etiolog\u00eda desconocida, pero de base principalmente gen\u00e9tica. Sus s\u00edntomas comienzan en la infancia, y se caracteriza por la presencia de dificultades de atenci\u00f3n y\/o hiperactividad e impulsividad en grado inapropiado, de manera que interfiere en el funcionamiento normal &hellip;<\/p>\n<p class=\"read-more\"> <a class=\"\" href=\"https:\/\/drraulcalderon.com\/index.php\/deficitdeatencion\/\"> <span class=\"screen-reader-text\">D\u00e9ficit de atenci\u00f3n<\/span> Leer m\u00e1s &raquo;<\/a><\/p>\n","protected":false},"author":1,"featured_media":0,"parent":0,"menu_order":0,"comment_status":"closed","ping_status":"closed","template":"","meta":{"site-sidebar-layout":"no-sidebar","site-content-layout":"page-builder","ast-global-header-display":"","ast-main-header-display":"","ast-hfb-above-header-display":"","ast-hfb-below-header-display":"","ast-hfb-mobile-header-display":"","site-post-title":"disabled","ast-breadcrumbs-content":"disabled","ast-featured-img":"disabled","footer-sml-layout":"","theme-transparent-header-meta":"enabled","adv-header-id-meta":"","stick-header-meta":"","header-above-stick-meta":"","header-main-stick-meta":"","header-below-stick-meta":"","_joinchat":[],"footnotes":""},"class_list":["post-1263","page","type-page","status-publish","hentry"],"yoast_head":"<!-- This site is optimized with the Yoast SEO plugin v20.13 - https:\/\/yoast.com\/wordpress\/plugins\/seo\/ -->\n<title>D\u00e9ficit de atenci\u00f3n - Dr Ra\u00fal Calder\u00f3n<\/title>\n<meta name=\"robots\" content=\"index, follow, max-snippet:-1, max-image-preview:large, max-video-preview:-1\" \/>\n<link rel=\"canonical\" href=\"https:\/\/drraulcalderon.com\/index.php\/deficitdeatencion\/\" \/>\n<meta property=\"og:locale\" content=\"es_MX\" \/>\n<meta property=\"og:type\" content=\"article\" \/>\n<meta property=\"og:title\" content=\"D\u00e9ficit de atenci\u00f3n - Dr Ra\u00fal Calder\u00f3n\" \/>\n<meta property=\"og:description\" content=\"D\u00e9ficit de Atenci\u00f3n e Hiperactividad (TDAH) Es un trastorno del neurodesarrollo cerebral de origen biol\u00f3gico y con etiolog\u00eda desconocida, pero de base principalmente gen\u00e9tica. Sus s\u00edntomas comienzan en la infancia, y se caracteriza por la presencia de dificultades de atenci\u00f3n y\/o hiperactividad e impulsividad en grado inapropiado, de manera que interfiere en el funcionamiento normal &hellip; D\u00e9ficit de atenci\u00f3n Leer m\u00e1s &raquo;\" \/>\n<meta property=\"og:url\" content=\"https:\/\/drraulcalderon.com\/index.php\/deficitdeatencion\/\" \/>\n<meta property=\"og:site_name\" content=\"Dr Ra\u00fal Calder\u00f3n\" \/>\n<meta property=\"article:modified_time\" content=\"2025-10-23T08:59:20+00:00\" \/>\n<meta property=\"og:image\" content=\"http:\/\/drraulcalderon.com\/wp-content\/uploads\/2023\/04\/Diseno-sin-titulo.png\" \/>\n<meta name=\"twitter:card\" content=\"summary_large_image\" \/>\n<meta name=\"twitter:label1\" content=\"Tiempo de lectura\" \/>\n\t<meta name=\"twitter:data1\" content=\"13 minutos\" \/>\n<script type=\"application\/ld+json\" class=\"yoast-schema-graph\">{\"@context\":\"https:\/\/schema.org\",\"@graph\":[{\"@type\":\"WebPage\",\"@id\":\"https:\/\/drraulcalderon.com\/index.php\/deficitdeatencion\/\",\"url\":\"https:\/\/drraulcalderon.com\/index.php\/deficitdeatencion\/\",\"name\":\"D\u00e9ficit de atenci\u00f3n - Dr Ra\u00fal Calder\u00f3n\",\"isPartOf\":{\"@id\":\"https:\/\/drraulcalderon.com\/#website\"},\"datePublished\":\"2023-04-08T00:35:07+00:00\",\"dateModified\":\"2025-10-23T08:59:20+00:00\",\"breadcrumb\":{\"@id\":\"https:\/\/drraulcalderon.com\/index.php\/deficitdeatencion\/#breadcrumb\"},\"inLanguage\":\"es\",\"potentialAction\":[{\"@type\":\"ReadAction\",\"target\":[\"https:\/\/drraulcalderon.com\/index.php\/deficitdeatencion\/\"]}]},{\"@type\":\"BreadcrumbList\",\"@id\":\"https:\/\/drraulcalderon.com\/index.php\/deficitdeatencion\/#breadcrumb\",\"itemListElement\":[{\"@type\":\"ListItem\",\"position\":1,\"name\":\"Inicio\",\"item\":\"https:\/\/drraulcalderon.com\/\"},{\"@type\":\"ListItem\",\"position\":2,\"name\":\"D\u00e9ficit de atenci\u00f3n\"}]},{\"@type\":\"WebSite\",\"@id\":\"https:\/\/drraulcalderon.com\/#website\",\"url\":\"https:\/\/drraulcalderon.com\/\",\"name\":\"Dr Ra\u00fal Calder\u00f3n\",\"description\":\"Neuropediatr\u00eda y Neurodesarrollo\",\"publisher\":{\"@id\":\"https:\/\/drraulcalderon.com\/#\/schema\/person\/0bd0be000915288a253b0e18a70f4d0c\"},\"potentialAction\":[{\"@type\":\"SearchAction\",\"target\":{\"@type\":\"EntryPoint\",\"urlTemplate\":\"https:\/\/drraulcalderon.com\/?s={search_term_string}\"},\"query-input\":\"required name=search_term_string\"}],\"inLanguage\":\"es\"},{\"@type\":[\"Person\",\"Organization\"],\"@id\":\"https:\/\/drraulcalderon.com\/#\/schema\/person\/0bd0be000915288a253b0e18a70f4d0c\",\"name\":\"Raul Calderon\",\"image\":{\"@type\":\"ImageObject\",\"inLanguage\":\"es\",\"@id\":\"https:\/\/drraulcalderon.com\/#\/schema\/person\/image\/\",\"url\":\"https:\/\/drraulcalderon.com\/wp-content\/uploads\/2023\/03\/LOGO-DR-RAUL-PSDazul-e1679738903670.png\",\"contentUrl\":\"https:\/\/drraulcalderon.com\/wp-content\/uploads\/2023\/03\/LOGO-DR-RAUL-PSDazul-e1679738903670.png\",\"width\":1080,\"height\":567,\"caption\":\"Raul Calderon\"},\"logo\":{\"@id\":\"https:\/\/drraulcalderon.com\/#\/schema\/person\/image\/\"}}]}<\/script>\n<!-- \/ Yoast SEO plugin. -->","yoast_head_json":{"title":"D\u00e9ficit de atenci\u00f3n - Dr Ra\u00fal Calder\u00f3n","robots":{"index":"index","follow":"follow","max-snippet":"max-snippet:-1","max-image-preview":"max-image-preview:large","max-video-preview":"max-video-preview:-1"},"canonical":"https:\/\/drraulcalderon.com\/index.php\/deficitdeatencion\/","og_locale":"es_MX","og_type":"article","og_title":"D\u00e9ficit de atenci\u00f3n - Dr Ra\u00fal Calder\u00f3n","og_description":"D\u00e9ficit de Atenci\u00f3n e Hiperactividad (TDAH) Es un trastorno del neurodesarrollo cerebral de origen biol\u00f3gico y con etiolog\u00eda desconocida, pero de base principalmente gen\u00e9tica. Sus s\u00edntomas comienzan en la infancia, y se caracteriza por la presencia de dificultades de atenci\u00f3n y\/o hiperactividad e impulsividad en grado inapropiado, de manera que interfiere en el funcionamiento normal &hellip; D\u00e9ficit de atenci\u00f3n Leer m\u00e1s &raquo;","og_url":"https:\/\/drraulcalderon.com\/index.php\/deficitdeatencion\/","og_site_name":"Dr Ra\u00fal Calder\u00f3n","article_modified_time":"2025-10-23T08:59:20+00:00","og_image":[{"url":"http:\/\/drraulcalderon.com\/wp-content\/uploads\/2023\/04\/Diseno-sin-titulo.png"}],"twitter_card":"summary_large_image","twitter_misc":{"Tiempo de lectura":"13 minutos"},"schema":{"@context":"https:\/\/schema.org","@graph":[{"@type":"WebPage","@id":"https:\/\/drraulcalderon.com\/index.php\/deficitdeatencion\/","url":"https:\/\/drraulcalderon.com\/index.php\/deficitdeatencion\/","name":"D\u00e9ficit de atenci\u00f3n - Dr Ra\u00fal Calder\u00f3n","isPartOf":{"@id":"https:\/\/drraulcalderon.com\/#website"},"datePublished":"2023-04-08T00:35:07+00:00","dateModified":"2025-10-23T08:59:20+00:00","breadcrumb":{"@id":"https:\/\/drraulcalderon.com\/index.php\/deficitdeatencion\/#breadcrumb"},"inLanguage":"es","potentialAction":[{"@type":"ReadAction","target":["https:\/\/drraulcalderon.com\/index.php\/deficitdeatencion\/"]}]},{"@type":"BreadcrumbList","@id":"https:\/\/drraulcalderon.com\/index.php\/deficitdeatencion\/#breadcrumb","itemListElement":[{"@type":"ListItem","position":1,"name":"Inicio","item":"https:\/\/drraulcalderon.com\/"},{"@type":"ListItem","position":2,"name":"D\u00e9ficit de atenci\u00f3n"}]},{"@type":"WebSite","@id":"https:\/\/drraulcalderon.com\/#website","url":"https:\/\/drraulcalderon.com\/","name":"Dr Ra\u00fal Calder\u00f3n","description":"Neuropediatr\u00eda y Neurodesarrollo","publisher":{"@id":"https:\/\/drraulcalderon.com\/#\/schema\/person\/0bd0be000915288a253b0e18a70f4d0c"},"potentialAction":[{"@type":"SearchAction","target":{"@type":"EntryPoint","urlTemplate":"https:\/\/drraulcalderon.com\/?s={search_term_string}"},"query-input":"required name=search_term_string"}],"inLanguage":"es"},{"@type":["Person","Organization"],"@id":"https:\/\/drraulcalderon.com\/#\/schema\/person\/0bd0be000915288a253b0e18a70f4d0c","name":"Raul Calderon","image":{"@type":"ImageObject","inLanguage":"es","@id":"https:\/\/drraulcalderon.com\/#\/schema\/person\/image\/","url":"https:\/\/drraulcalderon.com\/wp-content\/uploads\/2023\/03\/LOGO-DR-RAUL-PSDazul-e1679738903670.png","contentUrl":"https:\/\/drraulcalderon.com\/wp-content\/uploads\/2023\/03\/LOGO-DR-RAUL-PSDazul-e1679738903670.png","width":1080,"height":567,"caption":"Raul Calderon"},"logo":{"@id":"https:\/\/drraulcalderon.com\/#\/schema\/person\/image\/"}}]}},"_links":{"self":[{"href":"https:\/\/drraulcalderon.com\/index.php\/wp-json\/wp\/v2\/pages\/1263","targetHints":{"allow":["GET"]}}],"collection":[{"href":"https:\/\/drraulcalderon.com\/index.php\/wp-json\/wp\/v2\/pages"}],"about":[{"href":"https:\/\/drraulcalderon.com\/index.php\/wp-json\/wp\/v2\/types\/page"}],"author":[{"embeddable":true,"href":"https:\/\/drraulcalderon.com\/index.php\/wp-json\/wp\/v2\/users\/1"}],"replies":[{"embeddable":true,"href":"https:\/\/drraulcalderon.com\/index.php\/wp-json\/wp\/v2\/comments?post=1263"}],"version-history":[{"count":73,"href":"https:\/\/drraulcalderon.com\/index.php\/wp-json\/wp\/v2\/pages\/1263\/revisions"}],"predecessor-version":[{"id":2089,"href":"https:\/\/drraulcalderon.com\/index.php\/wp-json\/wp\/v2\/pages\/1263\/revisions\/2089"}],"wp:attachment":[{"href":"https:\/\/drraulcalderon.com\/index.php\/wp-json\/wp\/v2\/media?parent=1263"}],"curies":[{"name":"wp","href":"https:\/\/api.w.org\/{rel}","templated":true}]}}